{"id":1329,"date":"2018-04-27T12:25:23","date_gmt":"2018-04-27T10:25:23","guid":{"rendered":"http:\/\/www.montasio.com\/home\/"},"modified":"2023-08-25T16:26:24","modified_gmt":"2023-08-25T14:26:24","slug":"home","status":"publish","type":"page","link":"https:\/\/www.montasio.com\/fr\/home\/","title":{"rendered":"Home"},"content":{"rendered":"<div id='layer_slider_1' class='avia-layerslider main_color avia-shadow  container_wrap fullsize'    style='height: 801px;' ><\/div>\n<div class=\"flex_column av_one_full  av-animated-generic bottom-to-top  flex_column_div av-zero-column-padding first  \" style='border-radius:0px; '><section class=\"av_textblock_section \"  itemscope=\"itemscope\" itemtype=\"https:\/\/schema.org\/CreativeWork\" ><div class='avia_textblock  '   itemprop=\"text\" ><h1 style=\"text-align: center;\">\u00c0 LA UNE SUR NOTRE BLOG<\/h1>\n<\/div><\/section><\/div>\n<div class=\"flex_column av_one_third  av-animated-generic bottom-to-top  flex_column_div av-zero-column-padding first  \" style='border-radius:0px; '><div  data-autoplay=''  data-interval='5'  data-animation='fade'  data-show_slide_delay='90'  class='avia-content-slider avia-content-grid-active avia-content-slider1 avia-content-slider-odd   '  itemscope=\"itemscope\" itemtype=\"https:\/\/schema.org\/Blog\" ><div class='avia-content-slider-inner'><div class='slide-entry-wrap'><article id='slide_0' class='slide-entry flex_column  post-entry post-entry-11006 slide-entry-overview slide-loop-1 slide-parity-odd  post-entry-last  av_fullwidth first real-thumbnail'  itemscope=\"itemscope\" itemtype=\"https:\/\/schema.org\/BlogPosting\" itemprop=\"blogPost\" ><a href='https:\/\/www.montasio.com\/fr\/2025\/06\/19\/montasio-dop-pique-nique-dete-3-idees-gourmandes-a-glisser-dans-le-panier\/' data-rel='slide-1' class='slide-image' title=''><img width=\"710\" height=\"375\" src=\"https:\/\/www.montasio.com\/wp-content\/uploads\/2025\/06\/PicNic_Articolo-710x375.jpg\" class=\"attachment-magazine size-magazine wp-post-image\" alt=\"Montasio DOP &amp; picnic d\u2019estate: 3 idee sfiziose da mettere nel cestino\" decoding=\"async\" srcset=\"https:\/\/www.montasio.com\/wp-content\/uploads\/2025\/06\/PicNic_Articolo-710x375.jpg 710w, https:\/\/www.montasio.com\/wp-content\/uploads\/2025\/06\/PicNic_Articolo-300x157.jpg 300w\" sizes=\"(max-width: 710px) 100vw, 710px\" \/><\/a><div class='slide-content'><header class=\"entry-content-header\"><h3 class='slide-entry-title entry-title '  itemprop=\"headline\"  ><a href='https:\/\/www.montasio.com\/fr\/2025\/06\/19\/montasio-dop-pique-nique-dete-3-idees-gourmandes-a-glisser-dans-le-panier\/' title='Montasio DOP &amp; pique-nique d\u2019\u00e9t\u00e9: 3 id\u00e9es gourmandes \u00e0 glisser dans le panier'><span style='font-size:0.01em;'>&nbsp;<br \/><\/span>Montasio DOP &amp; pique-nique d\u2019\u00e9t\u00e9: 3 id\u00e9es gourmandes \u00e0 glisser dans le panier<\/a><\/h3><span class=\"av-vertical-delimiter\"><\/span><\/header><div class='slide-meta'><time class='slide-meta-time updated'  itemprop=\"datePublished\" datetime=\"2025-06-19T11:33:00+02:00\" >19 juin 2025<\/time><\/div><div class='slide-entry-excerpt entry-content'  itemprop=\"text\" >Pour nous, l\u2019\u00e9t\u00e9 ne se mesure pas en degr\u00e9s, mais en \u00e9motions\u2026<\/div><\/div><footer class=\"entry-footer\"><\/footer><span class='hidden'>\n\t\t\t<span class='av-structured-data'  itemprop=\"ImageObject\" itemscope=\"itemscope\" itemtype=\"https:\/\/schema.org\/ImageObject\"  itemprop='image'>\n\t\t\t\t\t   <span itemprop='url' >https:\/\/www.montasio.com\/wp-content\/uploads\/2025\/06\/PicNic_Articolo.jpg<\/span>\n\t\t\t\t\t   <span itemprop='height' >628<\/span>\n\t\t\t\t\t   <span itemprop='width' >1200<\/span>\n\t\t\t\t  <\/span><span class='av-structured-data'  itemprop=\"publisher\" itemtype=\"https:\/\/schema.org\/Organization\" itemscope=\"itemscope\" >\n\t\t\t\t<span itemprop='name'>Aipem Aipem<\/span>\n\t\t\t\t<span itemprop='logo' itemscope itemtype='http:\/\/schema.org\/ImageObject'>\n\t\t\t\t   <span itemprop='url'>http:\/\/www.montasio.com\/wp-content\/uploads\/2021\/05\/logo_3.jpg<\/span>\n\t\t\t\t <\/span>\n\t\t\t  <\/span><span class='av-structured-data'  itemprop=\"author\" itemscope=\"itemscope\" itemtype=\"https:\/\/schema.org\/Person\" ><span itemprop='name'>Aipem Aipem<\/span><\/span><span class='av-structured-data'  itemprop=\"datePublished\" datetime=\"2025-06-19T11:33:00+02:00\" >2025-06-19 11:33:00<\/span><span class='av-structured-data'  itemprop=\"dateModified\" itemtype=\"https:\/\/schema.org\/dateModified\" >2025-06-19 11:33:00<\/span><span class='av-structured-data'  itemprop=\"mainEntityOfPage\" itemtype=\"https:\/\/schema.org\/mainEntityOfPage\" ><span itemprop='name'>Montasio DOP &amp; pique-nique d\u2019\u00e9t\u00e9: 3 id\u00e9es gourmandes \u00e0 glisser dans le panier<\/span><\/span><\/span><\/article><\/div><\/div><\/div><\/div>\n<div class=\"flex_column av_two_third  av-animated-generic bottom-to-top  flex_column_div av-zero-column-padding   \" style='border-radius:0px; '><div  data-autoplay=''  data-interval='5'  data-animation='fade'  data-show_slide_delay='90'  class='avia-content-slider avia-content-grid-active avia-content-slider2 avia-content-slider-even   '  itemscope=\"itemscope\" itemtype=\"https:\/\/schema.org\/Blog\" ><div class='avia-content-slider-inner'><div class='slide-entry-wrap'><article id='slide_0' class='slide-entry flex_column  post-entry post-entry-11043 slide-entry-overview slide-loop-1 slide-parity-odd  av_one_half first real-thumbnail'  itemscope=\"itemscope\" itemtype=\"https:\/\/schema.org\/BlogPosting\" itemprop=\"blogPost\" ><a href='https:\/\/www.montasio.com\/fr\/2025\/07\/31\/pourquoi-choisir-les-montagnes-du-frioul-venetie-julienne-comme-destination-de-vacances-dete\/' data-rel='slide-2' class='slide-image' title=''><img width=\"710\" height=\"375\" src=\"https:\/\/www.montasio.com\/wp-content\/uploads\/2025\/07\/Montasio_Montagna_Articolo-710x375.jpg\" class=\"attachment-magazine size-magazine wp-post-image\" alt=\"Scegli le montagne delle Alpi Giulie per le vacanze estive\" decoding=\"async\" srcset=\"https:\/\/www.montasio.com\/wp-content\/uploads\/2025\/07\/Montasio_Montagna_Articolo-710x375.jpg 710w, https:\/\/www.montasio.com\/wp-content\/uploads\/2025\/07\/Montasio_Montagna_Articolo-300x157.jpg 300w\" sizes=\"(max-width: 710px) 100vw, 710px\" \/><\/a><div class='slide-content'><header class=\"entry-content-header\"><h3 class='slide-entry-title entry-title '  itemprop=\"headline\"  ><a href='https:\/\/www.montasio.com\/fr\/2025\/07\/31\/pourquoi-choisir-les-montagnes-du-frioul-venetie-julienne-comme-destination-de-vacances-dete\/' title='Pourquoi choisir les montagnes du Frioul-V\u00e9n\u00e9tie Julienne comme destination de vacances d\u2019\u00e9t\u00e9'><span style='font-size:0.01em;'>&nbsp;<br \/><\/span>Pourquoi choisir les montagnes du Frioul-V\u00e9n\u00e9tie Julienne comme destination de vacances d\u2019\u00e9t\u00e9<\/a><\/h3><span class=\"av-vertical-delimiter\"><\/span><\/header><div class='slide-meta'><time class='slide-meta-time updated'  itemprop=\"datePublished\" datetime=\"2025-07-31T12:54:17+02:00\" >31 juillet 2025<\/time><\/div><div class='slide-entry-excerpt entry-content'  itemprop=\"text\" >L\u2019air pur et frais, les vastes prairies verdoyantes parsem\u00e9es\u2026<\/div><\/div><footer class=\"entry-footer\"><\/footer><span class='hidden'>\n\t\t\t<span class='av-structured-data'  itemprop=\"ImageObject\" itemscope=\"itemscope\" itemtype=\"https:\/\/schema.org\/ImageObject\"  itemprop='image'>\n\t\t\t\t\t   <span itemprop='url' >https:\/\/www.montasio.com\/wp-content\/uploads\/2025\/07\/Montasio_Montagna_Articolo.jpg<\/span>\n\t\t\t\t\t   <span itemprop='height' >628<\/span>\n\t\t\t\t\t   <span itemprop='width' >1200<\/span>\n\t\t\t\t  <\/span><span class='av-structured-data'  itemprop=\"publisher\" itemtype=\"https:\/\/schema.org\/Organization\" itemscope=\"itemscope\" >\n\t\t\t\t<span itemprop='name'>Aipem Aipem<\/span>\n\t\t\t\t<span itemprop='logo' itemscope itemtype='http:\/\/schema.org\/ImageObject'>\n\t\t\t\t   <span itemprop='url'>http:\/\/www.montasio.com\/wp-content\/uploads\/2021\/05\/logo_3.jpg<\/span>\n\t\t\t\t <\/span>\n\t\t\t  <\/span><span class='av-structured-data'  itemprop=\"author\" itemscope=\"itemscope\" itemtype=\"https:\/\/schema.org\/Person\" ><span itemprop='name'>Aipem Aipem<\/span><\/span><span class='av-structured-data'  itemprop=\"datePublished\" datetime=\"2025-06-19T11:33:00+02:00\" >2025-07-31 12:54:17<\/span><span class='av-structured-data'  itemprop=\"dateModified\" itemtype=\"https:\/\/schema.org\/dateModified\" >2025-07-31 12:54:17<\/span><span class='av-structured-data'  itemprop=\"mainEntityOfPage\" itemtype=\"https:\/\/schema.org\/mainEntityOfPage\" ><span itemprop='name'>Pourquoi choisir les montagnes du Frioul-V\u00e9n\u00e9tie Julienne comme destination de vacances d\u2019\u00e9t\u00e9<\/span><\/span><\/span><\/article><article id='slide_1' class='slide-entry flex_column  post-entry post-entry-11006 slide-entry-overview slide-loop-2 slide-parity-even  post-entry-last  av_one_half  real-thumbnail'  itemscope=\"itemscope\" itemtype=\"https:\/\/schema.org\/BlogPosting\" itemprop=\"blogPost\" ><a href='https:\/\/www.montasio.com\/fr\/2025\/06\/19\/montasio-dop-pique-nique-dete-3-idees-gourmandes-a-glisser-dans-le-panier\/' data-rel='slide-2' class='slide-image' title=''><img width=\"710\" height=\"375\" src=\"https:\/\/www.montasio.com\/wp-content\/uploads\/2025\/06\/PicNic_Articolo-710x375.jpg\" class=\"attachment-magazine size-magazine wp-post-image\" alt=\"Montasio DOP &amp; picnic d\u2019estate: 3 idee sfiziose da mettere nel cestino\" decoding=\"async\" srcset=\"https:\/\/www.montasio.com\/wp-content\/uploads\/2025\/06\/PicNic_Articolo-710x375.jpg 710w, https:\/\/www.montasio.com\/wp-content\/uploads\/2025\/06\/PicNic_Articolo-300x157.jpg 300w\" sizes=\"(max-width: 710px) 100vw, 710px\" \/><\/a><div class='slide-content'><header class=\"entry-content-header\"><h3 class='slide-entry-title entry-title '  itemprop=\"headline\"  ><a href='https:\/\/www.montasio.com\/fr\/2025\/06\/19\/montasio-dop-pique-nique-dete-3-idees-gourmandes-a-glisser-dans-le-panier\/' title='Montasio DOP &amp; pique-nique d\u2019\u00e9t\u00e9: 3 id\u00e9es gourmandes \u00e0 glisser dans le panier'><span style='font-size:0.01em;'>&nbsp;<br \/><\/span>Montasio DOP &amp; pique-nique d\u2019\u00e9t\u00e9: 3 id\u00e9es gourmandes \u00e0 glisser dans le panier<\/a><\/h3><span class=\"av-vertical-delimiter\"><\/span><\/header><div class='slide-meta'><time class='slide-meta-time updated'  itemprop=\"datePublished\" datetime=\"2025-06-19T11:33:00+02:00\" >19 juin 2025<\/time><\/div><div class='slide-entry-excerpt entry-content'  itemprop=\"text\" >Pour nous, l\u2019\u00e9t\u00e9 ne se mesure pas en degr\u00e9s, mais en \u00e9motions\u2026<\/div><\/div><footer class=\"entry-footer\"><\/footer><span class='hidden'>\n\t\t\t<span class='av-structured-data'  itemprop=\"ImageObject\" itemscope=\"itemscope\" itemtype=\"https:\/\/schema.org\/ImageObject\"  itemprop='image'>\n\t\t\t\t\t   <span itemprop='url' >https:\/\/www.montasio.com\/wp-content\/uploads\/2025\/06\/PicNic_Articolo.jpg<\/span>\n\t\t\t\t\t   <span itemprop='height' >628<\/span>\n\t\t\t\t\t   <span itemprop='width' >1200<\/span>\n\t\t\t\t  <\/span><span class='av-structured-data'  itemprop=\"publisher\" itemtype=\"https:\/\/schema.org\/Organization\" itemscope=\"itemscope\" >\n\t\t\t\t<span itemprop='name'>Aipem Aipem<\/span>\n\t\t\t\t<span itemprop='logo' itemscope itemtype='http:\/\/schema.org\/ImageObject'>\n\t\t\t\t   <span itemprop='url'>http:\/\/www.montasio.com\/wp-content\/uploads\/2021\/05\/logo_3.jpg<\/span>\n\t\t\t\t <\/span>\n\t\t\t  <\/span><span class='av-structured-data'  itemprop=\"author\" itemscope=\"itemscope\" itemtype=\"https:\/\/schema.org\/Person\" ><span itemprop='name'>Aipem Aipem<\/span><\/span><span class='av-structured-data'  itemprop=\"datePublished\" datetime=\"2025-06-19T11:33:00+02:00\" >2025-06-19 11:33:00<\/span><span class='av-structured-data'  itemprop=\"dateModified\" itemtype=\"https:\/\/schema.org\/dateModified\" >2025-06-19 11:33:00<\/span><span class='av-structured-data'  itemprop=\"mainEntityOfPage\" itemtype=\"https:\/\/schema.org\/mainEntityOfPage\" ><span itemprop='name'>Montasio DOP &amp; pique-nique d\u2019\u00e9t\u00e9: 3 id\u00e9es gourmandes \u00e0 glisser dans le panier<\/span><\/span><\/span><\/article><\/div><\/div><\/div><\/div>\n<\/div><\/div><\/div><!-- close content main div --><\/div><\/div><div id='av_section_1' class='avia-section main_color avia-section-large avia-no-border-styling avia-bg-style-scroll    av-minimum-height av-minimum-height-50 container_wrap fullsize' style = 'background-color: #f6f6f6; background-image: '  ><div class='container' ><div class='template-page content  av-content-full alpha units'><div class='post-entry post-entry-type-page post-entry-1329'><div class='entry-content-wrapper clearfix'>\n<a class=\"av-screen-reader-only\" href=http:\/\/www.montasio.com\/2019\/02\/11\/il-formaggio-montasio-si-acquista-anche-online\/  target=\"_blank\" >Follow a manual added link<\/a><div class=\"flex_column av_two_fifth  av-animated-generic bottom-to-top  flex_column_div av-zero-column-padding avia-link-column first   \" style='border-radius:0px; ' data-link-column-url=\"http:\/\/www.montasio.com\/2019\/02\/11\/il-formaggio-montasio-si-acquista-anche-online\/\"  data-link-column-target=\"_blank\" ><p><div class='avia-image-container  av-styling-     avia-align-center '  itemprop=\"ImageObject\" itemscope=\"itemscope\" itemtype=\"https:\/\/schema.org\/ImageObject\"  ><div class='avia-image-container-inner'><div class='avia-image-overlay-wrap'><img class='avia_image ' src='https:\/\/www.montasio.com\/wp-content\/uploads\/2019\/04\/e_commerce-1.jpg' alt='' title='e_commerce' height=\"285\"width=\"590\"  itemprop=\"thumbnailUrl\"  \/><\/div><\/div><\/div><br \/>\n<div style='height:20px' class='hr hr-invisible   '><span class='hr-inner ' ><span class='hr-inner-style'><\/span><\/span><\/div><br \/>\n<section class=\"av_textblock_section \"  itemscope=\"itemscope\" itemtype=\"https:\/\/schema.org\/BlogPosting\" itemprop=\"blogPost\" ><div class='avia_textblock  '   itemprop=\"text\" ><div style=\"text-align: center;\">\n<h1>E-COMMERCE<\/h1>\n<p>Voir la liste des membres du Consortium qui vendent en ligne le fromage Montasio AOP.<\/p>\n<\/div>\n<\/div><\/section><\/p><\/div><a class=\"av-screen-reader-only\" href=http:\/\/www.montasio.com\/formazione\/ >Follow a manual added link<\/a><div class=\"flex_column av_one_half  av-animated-generic bottom-to-top  flex_column_div av-zero-column-padding avia-link-column    \" style='border-radius:0px; ' data-link-column-url=\"http:\/\/www.montasio.com\/formazione\/\" ><p><div class='avia-image-container  av-styling-     avia-align-center '  itemprop=\"ImageObject\" itemscope=\"itemscope\" itemtype=\"https:\/\/schema.org\/ImageObject\"  ><div class='avia-image-container-inner'><div class='avia-image-overlay-wrap'><img class='avia_image ' src='https:\/\/www.montasio.com\/wp-content\/uploads\/2022\/03\/Senza-titolo-1-1030x298.jpg' alt='' title='Senza titolo-1' height=\"298\"width=\"1030\"  itemprop=\"thumbnailUrl\"  \/><\/div><\/div><\/div><br \/>\n<div style='height:20px' class='hr hr-invisible   '><span class='hr-inner ' ><span class='hr-inner-style'><\/span><\/span><\/div><br \/>\n<section class=\"av_textblock_section \"  itemscope=\"itemscope\" itemtype=\"https:\/\/schema.org\/BlogPosting\" itemprop=\"blogPost\" ><div class='avia_textblock  '   itemprop=\"text\" ><h6><\/h6>\n<\/div><\/section><\/p><\/div>\n\n<\/div><\/div><\/div><!-- close content main div --><\/div><\/div><div id='av_section_2' class='avia-section main_color avia-section-large avia-no-border-styling avia-bg-style-scroll    av-minimum-height av-minimum-height-50 container_wrap fullsize' style = 'background-color: #fde5a7; background-image: '  ><div class='container' ><div class='template-page content  av-content-full alpha units'><div class='post-entry post-entry-type-page post-entry-1329'><div class='entry-content-wrapper clearfix'>\n<a class=\"av-screen-reader-only\" href=https:\/\/www.montasio.com\/ricettario-n-1\/  target=\"_blank\" >Link to: Ricettario N.1<\/a><div class=\"flex_column av_one_full  av-animated-generic bottom-to-top  flex_column_div av-zero-column-padding avia-link-column first   \" style='border-radius:0px; ' data-link-column-url=\"https:\/\/www.montasio.com\/ricettario-n-1\/\"  data-link-column-target=\"_blank\" ><p><div class='avia-image-container  av-styling-    banner_ricette avia-align-center '  itemprop=\"ImageObject\" itemscope=\"itemscope\" itemtype=\"https:\/\/schema.org\/ImageObject\"  ><div class='avia-image-container-inner'><div class='avia-image-overlay-wrap'><img class='avia_image ' src='https:\/\/www.montasio.com\/wp-content\/uploads\/2023\/03\/link-ricettari-per-sito-Montasio-loghi-veneto.jpg' alt='' title='link-ricettari-per-sito-Montasio-loghi veneto' height=\"674\"width=\"1920\"  itemprop=\"thumbnailUrl\"  \/><\/div><\/div><\/div><br \/>\n<section class=\"avia_codeblock_section  avia_code_block_0\"  itemscope=\"itemscope\" itemtype=\"https:\/\/schema.org\/BlogPosting\" itemprop=\"blogPost\" ><div class='avia_codeblock '  itemprop=\"text\" > [avia_codeblock_placeholder uid=\"0\"] <\/div><\/section><br \/>\n<div style='height:20px' class='hr hr-invisible   '><span class='hr-inner ' ><span class='hr-inner-style'><\/span><\/span><\/div><br \/>\n<section class=\"av_textblock_section \"  itemscope=\"itemscope\" itemtype=\"https:\/\/schema.org\/BlogPosting\" itemprop=\"blogPost\" ><div class='avia_textblock  '   itemprop=\"text\" ><div style=\"text-align: center;\">\n<h1>R\u00c9CIPIENTS<\/h1>\n<p>Donnez une saveur particuli\u00e8re \u00e0 chaque instant : t\u00e9l\u00e9chargez les livres de cuisine Montasio et regardez les recettes en vid\u00e9o.<\/p>\n<\/div>\n<\/div><\/section><\/p><\/div><div class=\"flex_column av_two_third  av-animated-generic bottom-to-top  flex_column_div av-zero-column-padding first  \" style='border-radius:0px; '><section class=\"av_textblock_section \"  itemscope=\"itemscope\" itemtype=\"https:\/\/schema.org\/BlogPosting\" itemprop=\"blogPost\" ><div class='avia_textblock  '   itemprop=\"text\" ><h1>MONTASIO, LES NOUVELLES RECETTES<\/h1>\n<\/div><\/section><br \/>\n<div  data-autoplay=''  data-interval='5'  data-animation='fade'  data-show_slide_delay='90'  class='avia-content-slider avia-content-slider-active avia-content-slider3 avia-content-slider-odd  '  itemscope=\"itemscope\" itemtype=\"https:\/\/schema.org\/Blog\" ><div class='avia-content-slider-inner'><div class='slide-entry-wrap'><article id='slide_0' class='slide-entry flex_column  post-entry post-entry-1646 slide-entry-overview slide-loop-1 slide-parity-odd  av_fullwidth first real-thumbnail'  itemscope=\"itemscope\" itemtype=\"https:\/\/schema.org\/CreativeWork\" ><a href='https:\/\/www.montasio.com\/fr\/ricette\/frico-aux-poires\/' data-rel='slide-3' class='slide-image' title=''><img width=\"495\" height=\"400\" src=\"https:\/\/www.montasio.com\/wp-content\/uploads\/2018\/08\/FRICO-CON-LE-PERE-495x400.jpg\" class=\"attachment-portfolio size-portfolio wp-post-image\" alt=\"\" decoding=\"async\" \/><\/a><div class='slide-content'><header class=\"entry-content-header\"><h3 class='slide-entry-title entry-title '  itemprop=\"headline\"  ><a href='https:\/\/www.montasio.com\/fr\/ricette\/frico-aux-poires\/' title='FRICO AUX POIRES'><span style='font-size:0.01em;'>&nbsp;<br \/><\/span>FRICO AUX POIRES<\/a><\/h3><span class=\"av-vertical-delimiter\"><\/span><\/header><div class='slide-meta'><time class='slide-meta-time updated'  itemprop=\"datePublished\" datetime=\"2018-08-11T11:43:20+02:00\" >11 ao\u00fbt 2018<\/time><\/div><div class='slide-entry-excerpt entry-content'  itemprop=\"text\" >Dans une po\u00eale antiadh\u00e9sive, dorez la pancetta hach\u00e9e, puis\u2026<div class=\"read-more-link\"><a href=\"https:\/\/www.montasio.com\/fr\/ricette\/frico-aux-poires\/\" class=\"more-link\">Lire la suite<span class=\"more-link-arrow\"><\/span><\/a><\/div><\/div><\/div><footer class=\"entry-footer\"><\/footer><span class='hidden'>\n\t\t\t<span class='av-structured-data'  itemprop=\"ImageObject\" itemscope=\"itemscope\" itemtype=\"https:\/\/schema.org\/ImageObject\"  itemprop='image'>\n\t\t\t\t\t   <span itemprop='url' >https:\/\/www.montasio.com\/wp-content\/uploads\/2018\/08\/FRICO-CON-LE-PERE.jpg<\/span>\n\t\t\t\t\t   <span itemprop='height' >754<\/span>\n\t\t\t\t\t   <span itemprop='width' >841<\/span>\n\t\t\t\t  <\/span><span class='av-structured-data'  itemprop=\"publisher\" itemtype=\"https:\/\/schema.org\/Organization\" itemscope=\"itemscope\" >\n\t\t\t\t<span itemprop='name'>Aipem Aipem<\/span>\n\t\t\t\t<span itemprop='logo' itemscope itemtype='http:\/\/schema.org\/ImageObject'>\n\t\t\t\t   <span itemprop='url'>http:\/\/www.montasio.com\/wp-content\/uploads\/2021\/05\/logo_3.jpg<\/span>\n\t\t\t\t <\/span>\n\t\t\t  <\/span><span class='av-structured-data'  itemprop=\"author\" itemscope=\"itemscope\" itemtype=\"https:\/\/schema.org\/Person\" ><span itemprop='name'>Aipem Aipem<\/span><\/span><span class='av-structured-data'  itemprop=\"datePublished\" datetime=\"2018-08-09T10:46:50+02:00\" >2018-08-11 11:43:20<\/span><span class='av-structured-data'  itemprop=\"dateModified\" itemtype=\"https:\/\/schema.org\/dateModified\" >2018-12-13 16:43:57<\/span><span class='av-structured-data'  itemprop=\"mainEntityOfPage\" itemtype=\"https:\/\/schema.org\/mainEntityOfPage\" ><span itemprop='name'>FRICO AUX POIRES<\/span><\/span><\/span><\/article><\/div><div class='slide-entry-wrap'><article id='slide_1' class='slide-entry flex_column  post-entry post-entry-1649 slide-entry-overview slide-loop-2 slide-parity-odd  av_fullwidth first real-thumbnail'  itemscope=\"itemscope\" itemtype=\"https:\/\/schema.org\/CreativeWork\" ><a href='https:\/\/www.montasio.com\/fr\/ricette\/mini-tartes-au-chou-fleur-avec-sauce-de-montasio-et-speck-doie\/' data-rel='slide-3' class='slide-image' title=''><img width=\"495\" height=\"400\" src=\"https:\/\/www.montasio.com\/wp-content\/uploads\/2018\/09\/SFORMATO-DI-CAVOLFIORI-CON-SALSA-DI-MONTASIO-E-SPECK-DOCA-495x400.jpg\" class=\"attachment-portfolio size-portfolio wp-post-image\" alt=\"\" decoding=\"async\" srcset=\"https:\/\/www.montasio.com\/wp-content\/uploads\/2018\/09\/SFORMATO-DI-CAVOLFIORI-CON-SALSA-DI-MONTASIO-E-SPECK-DOCA-495x400.jpg 495w, https:\/\/www.montasio.com\/wp-content\/uploads\/2018\/09\/SFORMATO-DI-CAVOLFIORI-CON-SALSA-DI-MONTASIO-E-SPECK-DOCA-845x684.jpg 845w\" sizes=\"(max-width: 495px) 100vw, 495px\" \/><\/a><div class='slide-content'><header class=\"entry-content-header\"><h3 class='slide-entry-title entry-title '  itemprop=\"headline\"  ><a href='https:\/\/www.montasio.com\/fr\/ricette\/mini-tartes-au-chou-fleur-avec-sauce-de-montasio-et-speck-doie\/' title='MINI-TARTES AU CHOU-FLEUR AVEC SAUCE DE MONTASIO ET SPECK D\u2019OIE'><span style='font-size:0.01em;'>&nbsp;<br \/><\/span>MINI-TARTES AU CHOU-FLEUR AVEC SAUCE DE MONTASIO ET SPECK D\u2019OIE<\/a><\/h3><span class=\"av-vertical-delimiter\"><\/span><\/header><div class='slide-meta'><time class='slide-meta-time updated'  itemprop=\"datePublished\" datetime=\"2018-08-10T10:51:25+02:00\" >10 ao\u00fbt 2018<\/time><\/div><div class='slide-entry-excerpt entry-content'  itemprop=\"text\" >Mixez le chou-fleur avec le Montasio, la cr\u00e8me, les \u0153ufs et\u2026<div class=\"read-more-link\"><a href=\"https:\/\/www.montasio.com\/fr\/ricette\/mini-tartes-au-chou-fleur-avec-sauce-de-montasio-et-speck-doie\/\" class=\"more-link\">Lire la suite<span class=\"more-link-arrow\"><\/span><\/a><\/div><\/div><\/div><footer class=\"entry-footer\"><\/footer><span class='hidden'>\n\t\t\t<span class='av-structured-data'  itemprop=\"ImageObject\" itemscope=\"itemscope\" itemtype=\"https:\/\/schema.org\/ImageObject\"  itemprop='image'>\n\t\t\t\t\t   <span itemprop='url' >https:\/\/www.montasio.com\/wp-content\/uploads\/2018\/09\/SFORMATO-DI-CAVOLFIORI-CON-SALSA-DI-MONTASIO-E-SPECK-DOCA-e1533545718178.jpg<\/span>\n\t\t\t\t\t   <span itemprop='height' >1368<\/span>\n\t\t\t\t\t   <span itemprop='width' >1500<\/span>\n\t\t\t\t  <\/span><span class='av-structured-data'  itemprop=\"publisher\" itemtype=\"https:\/\/schema.org\/Organization\" itemscope=\"itemscope\" >\n\t\t\t\t<span itemprop='name'>Aipem Aipem<\/span>\n\t\t\t\t<span itemprop='logo' itemscope itemtype='http:\/\/schema.org\/ImageObject'>\n\t\t\t\t   <span itemprop='url'>http:\/\/www.montasio.com\/wp-content\/uploads\/2021\/05\/logo_3.jpg<\/span>\n\t\t\t\t <\/span>\n\t\t\t  <\/span><span class='av-structured-data'  itemprop=\"author\" itemscope=\"itemscope\" itemtype=\"https:\/\/schema.org\/Person\" ><span itemprop='name'>Aipem Aipem<\/span><\/span><span class='av-structured-data'  itemprop=\"datePublished\" datetime=\"2018-08-09T10:46:50+02:00\" >2018-08-10 10:51:25<\/span><span class='av-structured-data'  itemprop=\"dateModified\" itemtype=\"https:\/\/schema.org\/dateModified\" >2018-12-13 16:44:21<\/span><span class='av-structured-data'  itemprop=\"mainEntityOfPage\" itemtype=\"https:\/\/schema.org\/mainEntityOfPage\" ><span itemprop='name'>MINI-TARTES AU CHOU-FLEUR AVEC SAUCE DE MONTASIO ET SPECK D\u2019OIE<\/span><\/span><\/span><\/article><\/div><div class='slide-entry-wrap'><article id='slide_2' class='slide-entry flex_column  post-entry post-entry-1653 slide-entry-overview slide-loop-3 slide-parity-odd  post-entry-last  av_fullwidth first real-thumbnail'  itemscope=\"itemscope\" itemtype=\"https:\/\/schema.org\/CreativeWork\" ><a href='https:\/\/www.montasio.com\/fr\/ricette\/filets-de-sole-au-montasio-et-noix\/' data-rel='slide-3' class='slide-image' title=''><img width=\"495\" height=\"400\" src=\"https:\/\/www.montasio.com\/wp-content\/uploads\/2018\/08\/FILETTI-DI-SOGLIOLA-AL-MONTASIO-E-NOCI-495x400.jpg\" class=\"attachment-portfolio size-portfolio wp-post-image\" alt=\"\" decoding=\"async\" srcset=\"https:\/\/www.montasio.com\/wp-content\/uploads\/2018\/08\/FILETTI-DI-SOGLIOLA-AL-MONTASIO-E-NOCI-495x400.jpg 495w, https:\/\/www.montasio.com\/wp-content\/uploads\/2018\/08\/FILETTI-DI-SOGLIOLA-AL-MONTASIO-E-NOCI-845x684.jpg 845w\" sizes=\"(max-width: 495px) 100vw, 495px\" \/><\/a><div class='slide-content'><header class=\"entry-content-header\"><h3 class='slide-entry-title entry-title '  itemprop=\"headline\"  ><a href='https:\/\/www.montasio.com\/fr\/ricette\/filets-de-sole-au-montasio-et-noix\/' title='FILETS DE SOLE AU MONTASIO ET NOIX'><span style='font-size:0.01em;'>&nbsp;<br \/><\/span>FILETS DE SOLE AU MONTASIO ET NOIX<\/a><\/h3><span class=\"av-vertical-delimiter\"><\/span><\/header><div class='slide-meta'><time class='slide-meta-time updated'  itemprop=\"datePublished\" datetime=\"2018-08-09T10:46:50+02:00\" >9 ao\u00fbt 2018<\/time><\/div><div class='slide-entry-excerpt entry-content'  itemprop=\"text\" >Filetez la sole, faites bouillir les ar\u00eates de la sole et transf\u00e9rez\u2026<div class=\"read-more-link\"><a href=\"https:\/\/www.montasio.com\/fr\/ricette\/filets-de-sole-au-montasio-et-noix\/\" class=\"more-link\">Lire la suite<span class=\"more-link-arrow\"><\/span><\/a><\/div><\/div><\/div><footer class=\"entry-footer\"><\/footer><span class='hidden'>\n\t\t\t<span class='av-structured-data'  itemprop=\"ImageObject\" itemscope=\"itemscope\" itemtype=\"https:\/\/schema.org\/ImageObject\"  itemprop='image'>\n\t\t\t\t\t   <span itemprop='url' >https:\/\/www.montasio.com\/wp-content\/uploads\/2018\/08\/FILETTI-DI-SOGLIOLA-AL-MONTASIO-E-NOCI-e1533545447208.jpg<\/span>\n\t\t\t\t\t   <span itemprop='height' >1448<\/span>\n\t\t\t\t\t   <span itemprop='width' >1500<\/span>\n\t\t\t\t  <\/span><span class='av-structured-data'  itemprop=\"publisher\" itemtype=\"https:\/\/schema.org\/Organization\" itemscope=\"itemscope\" >\n\t\t\t\t<span itemprop='name'>Aipem Aipem<\/span>\n\t\t\t\t<span itemprop='logo' itemscope itemtype='http:\/\/schema.org\/ImageObject'>\n\t\t\t\t   <span itemprop='url'>http:\/\/www.montasio.com\/wp-content\/uploads\/2021\/05\/logo_3.jpg<\/span>\n\t\t\t\t <\/span>\n\t\t\t  <\/span><span class='av-structured-data'  itemprop=\"author\" itemscope=\"itemscope\" itemtype=\"https:\/\/schema.org\/Person\" ><span itemprop='name'>Aipem Aipem<\/span><\/span><span class='av-structured-data'  itemprop=\"datePublished\" datetime=\"2018-08-09T10:46:50+02:00\" >2018-08-09 10:46:50<\/span><span class='av-structured-data'  itemprop=\"dateModified\" itemtype=\"https:\/\/schema.org\/dateModified\" >2018-12-13 16:44:27<\/span><span class='av-structured-data'  itemprop=\"mainEntityOfPage\" itemtype=\"https:\/\/schema.org\/mainEntityOfPage\" ><span itemprop='name'>FILETS DE SOLE AU MONTASIO ET NOIX<\/span><\/span><\/span><\/article><\/div><\/div><div class='avia-slideshow-arrows avia-slideshow-controls'><a href='#prev' class='prev-slide' aria-hidden='true' data-av_icon='\ue87c' data-av_iconfont='entypo-fontello'>Pr\u00e9c\u00e9dent<\/a><a href='#next' class='next-slide' aria-hidden='true' data-av_icon='\ue87d' data-av_iconfont='entypo-fontello'>Suivant<\/a><\/div><\/div><\/p><\/div><\/p>\n<div class=\"flex_column av_one_third  av-animated-generic bottom-to-top  flex_column_div av-zero-column-padding   \" style='border-radius:0px; '><div class='avia-image-container  av-styling-    avia-align-center '  itemprop=\"ImageObject\" itemscope=\"itemscope\" itemtype=\"https:\/\/schema.org\/ImageObject\"  ><div class='avia-image-container-inner'><div class='avia-image-overlay-wrap'><img class='avia_image ' src='https:\/\/www.montasio.com\/wp-content\/uploads\/2018\/05\/box_edu-300x135.jpg' alt='' title='box_edu' height=\"135\"width=\"300\"  itemprop=\"thumbnailUrl\"  \/><\/div><\/div><\/div><br \/>\n<section class=\"av_textblock_section \"  itemscope=\"itemscope\" itemtype=\"https:\/\/schema.org\/CreativeWork\" ><div class='avia_textblock  '   itemprop=\"text\" ><h3 style=\"text-align: center;\">\u00c9DUCATION NUTRITIONNELLE<\/h3>\n<p style=\"text-align: center;\"><a style=\"color: #848282;\" href=\".\/educazione-nutrizionale\/\">Aller \u00e0 la page<\/a><\/p>\n<\/div><\/section><br \/>\n<div class='avia-image-container  av-styling-    avia-align-center '  itemprop=\"ImageObject\" itemscope=\"itemscope\" itemtype=\"https:\/\/schema.org\/ImageObject\"  ><div class='avia-image-container-inner'><div class='avia-image-overlay-wrap'><img class='avia_image ' src='https:\/\/www.montasio.com\/wp-content\/uploads\/2018\/05\/box_tv-300x134.jpg' alt='' title='box_tv' height=\"134\"width=\"300\"  itemprop=\"thumbnailUrl\"  \/><\/div><\/div><\/div><br \/>\n<section class=\"av_textblock_section \"  itemscope=\"itemscope\" itemtype=\"https:\/\/schema.org\/CreativeWork\" ><div class='avia_textblock  '   itemprop=\"text\" ><h3 style=\"text-align: center;\">MONTASIO TV<\/h3>\n<p style=\"text-align: center;\"><a style=\"color: #848282;\" href=\".\/montasio-tv\/\">Aller \u00e0 la page<\/a><\/p>\n<\/div><\/section><\/p><\/div>\n<\/div><\/div><\/div><!-- close content main div --><\/div><\/div><div id='av_section_3' class='avia-section main_color avia-section-default avia-no-border-styling avia-full-stretch avia-bg-style-scroll   av-minimum-height av-minimum-height-50 container_wrap fullsize' style = 'background-repeat: no-repeat; background-image: url(https:\/\/www.montasio.com\/wp-content\/uploads\/2018\/05\/bg_momenti.jpg);background-attachment: scroll; background-position: top left; ' data-section-bg-repeat='stretch' ><div class='container' ><div class='template-page content  av-content-full alpha units'><div class='post-entry post-entry-type-page post-entry-1329'><div class='entry-content-wrapper clearfix'>\n<section class=\"av_textblock_section \"  itemscope=\"itemscope\" itemtype=\"https:\/\/schema.org\/CreativeWork\" ><div class='avia_textblock  '   itemprop=\"text\" ><div style=\"width: 40%; text-align: right;\">\n<h1>INSTANTS MONTASIO<\/h1>\n<p>\u00c0 l&rsquo;ap\u00e9ro, \u00e0 la pause d\u00e9jeuner, avant ou apr\u00e8s le sport, ou encore comme go\u00fbter pour les enfants&#8230; le Montasio se savoure \u00e0 chaque instant !<\/p>\n<p><a href=\".\/momenti-montasio\/\"><button>EN SAVOIR PLUS<\/button><\/a><\/p>\n<\/div>\n<\/div><\/section>\n\n<\/div><\/div><\/div><!-- close content main div --><\/div><\/div><div id='av-layout-grid-1' class='av-layout-grid-container entry-content-wrapper main_color av-flex-cells    container_wrap fullsize'   >\n<div class=\"flex_cell no_margin av_one_third   avia-full-stretch \" style='vertical-align:top; padding:30px; '><div class='flex_cell_inner' ><div class='avia-image-container avia_animated_image avia_animate_when_almost_visible fade-in av-styling-    avia-align-center '  itemprop=\"ImageObject\" itemscope=\"itemscope\" itemtype=\"https:\/\/schema.org\/ImageObject\"  ><div class='avia-image-container-inner'><div class='avia-image-overlay-wrap'><img class='avia_image ' src='https:\/\/www.montasio.com\/wp-content\/uploads\/2018\/05\/img_soci.png' alt='' title='img_soci' height=\"600\"width=\"750\"  itemprop=\"thumbnailUrl\"  \/><\/div><\/div><\/div>\n<\/div><\/div><div class=\"flex_cell no_margin av_one_third   \" style='vertical-align:middle; padding:30px; '><div class='flex_cell_inner' ><section class=\"av_textblock_section \"  itemscope=\"itemscope\" itemtype=\"https:\/\/schema.org\/CreativeWork\" ><div class='avia_textblock  '   itemprop=\"text\" ><h1>LES ASSOCI\u00c9S DU CONSORTIUM<\/h1>\n<p>Nos associ\u00e9s font partie int\u00e9grante de notre Consortium, et nous les consid\u00e9rons comme des v\u00e9ritables membres de notre famille. D\u00e9couvez qui sont nos associ\u00e9s pour vivre en premi\u00e8re personnes vos instants privil\u00e9gi\u00e9s Montasio.<\/p>\n<p><a href=\".\/soci\/\"><button>EN SAVOIR PLUS<\/button><\/a><\/p>\n<\/div><\/section>\n<\/div><\/div><div class=\"flex_cell no_margin av_one_third   \" style='vertical-align:middle; padding:30px; '><div class='flex_cell_inner' ><section class=\"av_textblock_section \"  itemscope=\"itemscope\" itemtype=\"https:\/\/schema.org\/CreativeWork\" ><div class='avia_textblock  '  style='font-size:10px; '  itemprop=\"text\" ><h1><strong>GARA <\/strong>di<strong> SELEZIONE ENTE ESECUTORE <\/strong><strong> <\/strong><strong style=\"font-size: 16px;\">REG.UE 1144\/2014<\/strong><\/h1>\n<p>Il Consorzio di Tutela del Formaggio Montasio DOP in partnership con Il Consorzio Garda DOC (soggetto capofila), Il Consorzio Crudo di Cuneo DOP, il Consorzio di Tutela Salame Varzi segnala, con la pubblicazione sulla Gazzetta Ufficiale dell\u2019Unione Europea in data 24\/02\/2023, l\u2019apertura di un Bando di Gara mediante Procedura Competitiva Aperta, per la selezione un \u201cOrganismo di esecuzione\u201d incaricato della realizzazione delle azioni previste dal progetto <em>Progetto Semplice a valere sul Regolamento UE 1144\/2014.<\/em><\/p>\n<p>Per accedere al Bando e la descrizione dettagliata e i requisiti di partecipazione alla Gara di selezione andare al link:<\/p>\n<p><a href=\"https:\/\/www.gardadocvino.it\/it\/2023\/02\/24\/procedure-for-selecting-the-implementing-body-for-the-programme-of-information-provision-and-promotion-of-agricultural-products-on-the-internal-market-eu-regulation-no-1144-2014\/\">https:\/\/www.gardadocvino.it\/it\/2023\/02\/24\/procedure-for-selecting-the-implementing-body-for-the-programme-of-information-provision-and-promotion-of-agricultural-products-on-the-internal-market-eu-regulation-no-1144-2014\/ <\/a>o <a href=\"https:\/\/www.gardadocvino.it\/it\/2023\/02\/24\/procedure-for-selecting-the-implementing-body-for-the-programme-of-information-provision-and-promotion-of-agricultural-products-on-the-internal-market-eu-regulation-no-1144-2014\/\">LINK<\/a><\/p>\n<h3><a href=\"https:\/\/www.gardadocvino.it\/it\/\">https:\/\/www.gardadocvino.it\/it\/<\/a><\/h3>\n<hr>\n<p><img decoding=\"async\" loading=\"lazy\" class=\"alignnone size-medium wp-image-5868\" src=\"http:\/\/www.montasio.com\/wp-content\/uploads\/2020\/09\/4-ISTITUZIONALI-POTENZIATI-copia-300x72.jpg\" alt=\"\" width=\"300\" height=\"72\" srcset=\"https:\/\/www.montasio.com\/wp-content\/uploads\/2020\/09\/4-ISTITUZIONALI-POTENZIATI-copia-300x72.jpg 300w, https:\/\/www.montasio.com\/wp-content\/uploads\/2020\/09\/4-ISTITUZIONALI-POTENZIATI-copia-768x185.jpg 768w, https:\/\/www.montasio.com\/wp-content\/uploads\/2020\/09\/4-ISTITUZIONALI-POTENZIATI-copia-1030x248.jpg 1030w, https:\/\/www.montasio.com\/wp-content\/uploads\/2020\/09\/4-ISTITUZIONALI-POTENZIATI-copia-1500x361.jpg 1500w, https:\/\/www.montasio.com\/wp-content\/uploads\/2020\/09\/4-ISTITUZIONALI-POTENZIATI-copia-705x170.jpg 705w, https:\/\/www.montasio.com\/wp-content\/uploads\/2020\/09\/4-ISTITUZIONALI-POTENZIATI-copia-450x108.jpg 450w\" sizes=\"(max-width: 300px) 100vw, 300px\" \/><\/p>\n<p>Misura: 3.2.1<br \/>\nTipo di intervento: promozione regimi di qualit\u00e0 &#8211; PRODOTTI AGRICOLI<\/p>\n<p>Descrizione operazione: attivit\u00e0 fieristiche e campagne promozionali presso i media<\/p>\n<p><strong><a href=\"https:\/\/www.montasio.com\/wp-content\/uploads\/2023\/03\/2022-MONTASIO-DOP-PSR-VENETO-2014-2020.pdf\">MONTASIO DOP &#8211; PSR VENETO 2014-2020<\/a><\/strong><\/p>\n<hr>\n<p><img decoding=\"async\" loading=\"lazy\" class=\"alignnone size-medium wp-image-6253\" src=\"http:\/\/www.montasio.com\/wp-content\/uploads\/2021\/03\/LogoPSR_2014_2020_completo-300x73.jpg\" alt=\"\" width=\"300\" height=\"73\" srcset=\"https:\/\/www.montasio.com\/wp-content\/uploads\/2021\/03\/LogoPSR_2014_2020_completo-300x73.jpg 300w, https:\/\/www.montasio.com\/wp-content\/uploads\/2021\/03\/LogoPSR_2014_2020_completo-768x187.jpg 768w, https:\/\/www.montasio.com\/wp-content\/uploads\/2021\/03\/LogoPSR_2014_2020_completo-1030x251.jpg 1030w, https:\/\/www.montasio.com\/wp-content\/uploads\/2021\/03\/LogoPSR_2014_2020_completo-1500x366.jpg 1500w, https:\/\/www.montasio.com\/wp-content\/uploads\/2021\/03\/LogoPSR_2014_2020_completo-705x172.jpg 705w, https:\/\/www.montasio.com\/wp-content\/uploads\/2021\/03\/LogoPSR_2014_2020_completo-450x110.jpg 450w\" sizes=\"(max-width: 300px) 100vw, 300px\" \/><\/p>\n<p>Misura: 3.2.1<br \/>\nTipo di intervento: promozione regimi di qualit\u00e0 &#8211; PRODOTTI AGRICOLI<\/p>\n<p>Descrizione operazione: attivit\u00e0 fieristiche e campagne promozionali presso la gdo italiana ed estera<\/p>\n<p><a href=\"http:\/\/www.montasio.com\/wp-content\/uploads\/2021\/03\/MONTASIO-DOP-PSR-FVG-2014-2020-2.pdf\"><strong>MONTASIO DOP &#8211; PSR FVG 2014-2020<\/strong><\/a><\/p>\n<\/div><\/section>\n<\/div><\/div>\n<\/div>\n<section class=\"avia_codeblock_section  avia_code_block_1\"  itemscope=\"itemscope\" itemtype=\"https:\/\/schema.org\/CreativeWork\" ><div class='avia_codeblock '  itemprop=\"text\" > [avia_codeblock_placeholder uid=\"1\"] <\/div><\/section>\n","protected":false},"excerpt":{"rendered":"","protected":false},"author":6,"featured_media":0,"parent":0,"menu_order":0,"comment_status":"closed","ping_status":"closed","template":"elementor_header_footer","meta":{"footnotes":""},"acf":[],"_links":{"self":[{"href":"https:\/\/www.montasio.com\/fr\/wp-json\/wp\/v2\/pages\/1329"}],"collection":[{"href":"https:\/\/www.montasio.com\/fr\/wp-json\/wp\/v2\/pages"}],"about":[{"href":"https:\/\/www.montasio.com\/fr\/wp-json\/wp\/v2\/types\/page"}],"author":[{"embeddable":true,"href":"https:\/\/www.montasio.com\/fr\/wp-json\/wp\/v2\/users\/6"}],"replies":[{"embeddable":true,"href":"https:\/\/www.montasio.com\/fr\/wp-json\/wp\/v2\/comments?post=1329"}],"version-history":[{"count":3,"href":"https:\/\/www.montasio.com\/fr\/wp-json\/wp\/v2\/pages\/1329\/revisions"}],"predecessor-version":[{"id":8927,"href":"https:\/\/www.montasio.com\/fr\/wp-json\/wp\/v2\/pages\/1329\/revisions\/8927"}],"wp:attachment":[{"href":"https:\/\/www.montasio.com\/fr\/wp-json\/wp\/v2\/media?parent=1329"}],"curies":[{"name":"wp","href":"https:\/\/api.w.org\/{rel}","templated":true}]}}