{"id":1506,"date":"2018-04-27T12:32:06","date_gmt":"2018-04-27T10:32:06","guid":{"rendered":"http:\/\/www.montasio.com\/soci\/"},"modified":"2020-09-03T12:46:10","modified_gmt":"2020-09-03T10:46:10","slug":"associes","status":"publish","type":"page","link":"https:\/\/www.montasio.com\/fr\/associes\/","title":{"rendered":"Associ\u00e9s"},"content":{"rendered":"<\/div><\/div><\/div><!-- close content main div --><\/div><\/div><div id='full_slider_1' class='avia-fullwidth-slider main_color avia-shadow   container_wrap fullsize'   ><div  data-size='featured'  data-lightbox_size='large'  data-animation='slide'  data-ids='518'  data-video_counter='0'  data-autoplay='false'  data-bg_slider='false'  data-slide_height=''  data-handle='av_slideshow_full'  data-interval='5'  data-class=' '  data-css_id=''  data-scroll_down=''  data-control_layout='av-control-default'  data-custom_markup=''  data-perma_caption=''  data-autoplay_stopper=''  data-image_attachment=''  data-min_height='0px'  data-src=''  data-position='top left'  data-repeat='no-repeat'  data-attach='scroll'  data-stretch=''  data-default-height='28.666666666667'  class='avia-slideshow avia-slideshow-1  av-control-default av-default-height-applied avia-slideshow-featured av_slideshow_full   avia-slide-slider '  itemprop=\"ImageObject\" itemscope=\"itemscope\" itemtype=\"https:\/\/schema.org\/ImageObject\" ><ul class='avia-slideshow-inner' style='padding-bottom: 29.881862404448%;'><li  class=' av-single-slide slide-1 ' ><div data-rel='slideshow-1' class='avia-slide-wrap'  ><img src='https:\/\/www.montasio.com\/wp-content\/uploads\/2018\/05\/header2-1-1439x430.jpg' width='1439' height='430' title='header2' alt=''  itemprop=\"thumbnailUrl\"   \/><\/div><\/li><\/ul><\/div><\/div>\n<div class=\"flex_column av_one_full  flex_column_div av-zero-column-padding first  \" style='border-radius:0px; '><section class=\"av_textblock_section \"  itemscope=\"itemscope\" itemtype=\"https:\/\/schema.org\/CreativeWork\" ><div class='avia_textblock  '   itemprop=\"text\" ><h1 style=\"text-align: center;\">NOS ASSOCI\u00c9S<\/h1>\n<p style=\"text-align: center;\">Du point de vue institutionnel, le Consortium effectue non seulement un travail permanent d\u2019assistance, mais il v\u00e9rifie \u00e9galement les m\u00e9thodes de travail, pr\u00e9l\u00e8ve des \u00e9chantillons pour les soumettre \u00e0 des analyses de param\u00e8tres qualitatifs et, d\u2019une mani\u00e8re g\u00e9n\u00e9rale, supervise et coordonne l\u2019activit\u00e9 de recherche en collaboration avec les principaux organismes et institutions acad\u00e9miques du nord-est de l\u2019Italie.<\/p>\n<p style=\"text-align: center;\">Gr\u00e2ce \u00e0 ses inspecteurs, il r\u00e9alise une activit\u00e9 intense de surveillance et de contr\u00f4le sur la commercialisation du Montasio, aux fins de la protection du consommateur final. En particulier, ils sont charg\u00e9s de contr\u00f4ler continuellement les normes hygi\u00e9niques et sanitaires de vente du Montasio, l\u2019utilisation loyale de la marque et l\u2019emploi correct de la d\u00e9nomination d\u2019origine.<\/p>\n<\/div><\/section><\/div>\n<div class=\"flex_column av_one_full  flex_column_div av-zero-column-padding first  \" style='border-radius:0px; '><div id='av_gmap_1' class='avia-google-map-container ' data-mapid='1' style='height: 380px;'><\/div><\/div>\n<\/div><\/div><\/div><!-- close content main div --><\/div><\/div><div id='av-layout-grid-1' class='av-layout-grid-container entry-content-wrapper main_color av-flex-cells    container_wrap fullsize'   >\n<div class=\"flex_cell no_margin av_one_third   \" style='vertical-align:bottom; padding:30px; '><div class='flex_cell_inner' ><\/div><\/div><div class=\"flex_cell no_margin av_one_third   \" style='vertical-align:top; padding:30px; '><div class='flex_cell_inner' ><section class=\"av_textblock_section \"  itemscope=\"itemscope\" itemtype=\"https:\/\/schema.org\/CreativeWork\" ><div class='avia_textblock  '   itemprop=\"text\" ><p style=\"text-align: center;\">T\u00e9l\u00e9chargez la liste de nos associ\u00e9s en version imprimable <strong><a href=\"http:\/\/www.montasio.com\/wp-content\/uploads\/2020\/09\/Montasio-Elenco-Produttori-e-Stagionatori_2020.pdf\">ici<\/a><\/strong><\/p>\n<\/div><\/section><br \/>\n<div class=\"flex_column av_one_fourth  flex_column_div first  \" style='padding:0px 10px 0px 10px ; border-radius:0px; '><p><div class='avia-image-container  av-styling-no-styling    avia-align-center '  itemprop=\"ImageObject\" itemscope=\"itemscope\" itemtype=\"https:\/\/schema.org\/ImageObject\"  ><div class='avia-image-container-inner'><div class='avia-image-overlay-wrap'><img class='avia_image ' src='https:\/\/www.montasio.com\/wp-content\/uploads\/2018\/07\/Marchiato-a-fuoco-e1532594235533.png' alt='' title='Marchiato-a-fuoco' height=\"40\"width=\"40\"  itemprop=\"thumbnailUrl\"  \/><\/div><\/div><\/div><br \/>\n<section class=\"av_textblock_section \"  itemscope=\"itemscope\" itemtype=\"https:\/\/schema.org\/CreativeWork\" ><div class='avia_textblock  '  style='font-size:10px; '  itemprop=\"text\" ><p style=\"text-align: center;\">MARQU\u00c9 \u00c0 FEU\u00a0\u00c0 L&rsquo;AIDE D&rsquo;UN SCEAU EN OR<\/p>\n<\/div><\/section><\/p><\/div><div class=\"flex_column av_one_fourth  flex_column_div   \" style='padding:0px 10px 0px 10px ; border-radius:0px; '><p><div class='avia-image-container  av-styling-no-styling    avia-align-center '  itemprop=\"ImageObject\" itemscope=\"itemscope\" itemtype=\"https:\/\/schema.org\/ImageObject\"  ><div class='avia-image-container-inner'><div class='avia-image-overlay-wrap'><img class='avia_image ' src='https:\/\/www.montasio.com\/wp-content\/uploads\/2018\/07\/Biologico-e1532594250521.png' alt='' title='Biologico' height=\"40\"width=\"40\"  itemprop=\"thumbnailUrl\"  \/><\/div><\/div><\/div><br \/>\n<section class=\"av_textblock_section \"  itemscope=\"itemscope\" itemtype=\"https:\/\/schema.org\/CreativeWork\" ><div class='avia_textblock  '  style='font-size:10px; '  itemprop=\"text\" ><p style=\"text-align: center;\">BIOLOGIQUE<\/p>\n<\/div><\/section><\/p><\/div><div class=\"flex_column av_one_fourth  flex_column_div   \" style='padding:0px 10px 0px 10px ; border-radius:0px; '><p><div class='avia-image-container  av-styling-    avia-align-center '  itemprop=\"ImageObject\" itemscope=\"itemscope\" itemtype=\"https:\/\/schema.org\/ImageObject\"  ><div class='avia-image-container-inner'><div class='avia-image-overlay-wrap'><img class='avia_image ' src='https:\/\/www.montasio.com\/wp-content\/uploads\/2018\/07\/Pezzata-rossa-italiana-e1532594206576.png' alt='' title='Pezzata-rossa-italiana' height=\"40\"width=\"40\"  itemprop=\"thumbnailUrl\"  \/><\/div><\/div><\/div><br \/>\n<section class=\"av_textblock_section \"  itemscope=\"itemscope\" itemtype=\"https:\/\/schema.org\/CreativeWork\" ><div class='avia_textblock  '  style='font-size:10px; '  itemprop=\"text\" ><p style=\"text-align: center;\">VALDOSTAINE PIE-ROUGE ITALIENNE<\/p>\n<\/div><\/section><\/p><\/div><div class=\"flex_column av_one_fourth  flex_column_div   \" style='padding:0px 10px 0px 10px ; border-radius:0px; '><p><div class='avia-image-container  av-styling-no-styling    avia-align-center '  itemprop=\"ImageObject\" itemscope=\"itemscope\" itemtype=\"https:\/\/schema.org\/ImageObject\"  ><div class='avia-image-container-inner'><div class='avia-image-overlay-wrap'><img class='avia_image ' src='https:\/\/www.montasio.com\/wp-content\/uploads\/2018\/07\/Prodotto-della-montagna-e1532594224955.png' alt='' title='Prodotto-della-montagna' height=\"40\"width=\"40\"  itemprop=\"thumbnailUrl\"  \/><\/div><\/div><\/div><br \/>\n<section class=\"av_textblock_section \"  itemscope=\"itemscope\" itemtype=\"https:\/\/schema.org\/CreativeWork\" ><div class='avia_textblock  '  style='font-size:10px; '  itemprop=\"text\" ><p style=\"text-align: center;\">PRODUIT DE LA MONTAGNE<\/p>\n<\/div><\/section><\/p><\/div><\/p>\n<\/div><\/div><div class=\"flex_cell no_margin av_one_third   \" style='vertical-align:top; padding:30px; '><div class='flex_cell_inner' ><\/div><\/div><\/div><\/div><\/div><\/div><!-- close content main div --><\/div><\/div><div id='av-tab-section-1' class='av-tab-section-container entry-content-wrapper main_color av-tab-no-transition av-tab-content-auto  av-tab-above-content  container_wrap fullsize'   ><div class='av-tab-section-outer-container'><div class='av-tab-section-tab-title-container avia-tab-title-padding-default ' ><a href='#producteurs-associs' data-av-tab-section-title='1' class='av-section-tab-title av-active-tab-title av-tab-no-icon av-tab-no-image  '><span class='av-outer-tab-title'><span class='av-inner-tab-title'>PRODUCTEURS ASSOCI\u00c9S<\/span><\/span><span class='av-tab-arrow-container'><span><\/span><\/span><\/a><a href='#associs-saisonniers' data-av-tab-section-title='2' class='av-section-tab-title  av-tab-no-icon av-tab-no-image  '><span class='av-outer-tab-title'><span class='av-inner-tab-title'>ASSOCI\u00c9S SAISONNIERS<\/span><\/span><span class='av-tab-arrow-container'><span><\/span><\/span><\/a><\/div><div class='av-tab-section-inner-container avia-section-default' style='width:200vw; left:0%;'><span class='av_prev_tab_section av_tab_navigation'><\/span><span class='av_next_tab_section av_tab_navigation'><\/span>\n<div data-av-tab-section-content=\"1\" class=\"av-layout-tab av-animation-delay-container av-active-tab-content __av_init_open   \" style='vertical-align:top; '  data-tab-section-id=\"producteurs-associs\"><div class='av-layout-tab-inner'><div class='container'><div class='sort_width_container  av-sort-yes' data-portfolio-id='1' ><div id='js_sort_items' ><div class='sort_by_cat hidden '><a href=\"#\" data-filter=\"all_sort\" class=\"all_sort_button active_sort\"><span class=\"inner_sort_button\"><span>Tout<\/span><small class=\"av-cat-count\"> 37 <\/small><\/span><\/a><\/div><\/div><\/div><div class=' grid-sort-container isotope   no_margin-container with-excerpt-container grid-total-odd grid-col-4 grid-links-' data-portfolio-id='1'><div data-ajax-id='1746' class=' grid-entry flex_column isotope-item all_sort no_margin post-entry post-entry-1746 grid-entry-overview grid-loop-1 grid-parity-odd  belluno-fr_sort produttori-fr_sort  av_one_fourth first default_av_fullwidth '><article class='main_color inner-entry'  itemscope=\"itemscope\" itemtype=\"https:\/\/schema.org\/CreativeWork\" ><a href='https:\/\/www.montasio.com\/fr\/socio\/lattebusche-s-c-a\/' title='LATTEBUSCHE S.C.A.'  data-rel='grid-1' class='grid-image avia-hover-fx'><img width=\"260\" height=\"185\" src=\"https:\/\/www.montasio.com\/wp-content\/uploads\/2023\/07\/502bl-logo_lattebusche-icona-260x185.jpg\" class=\"attachment-portfolio_small size-portfolio_small wp-post-image\" alt=\"\" decoding=\"async\" \/><\/a><div class='grid-content'><div class='avia-arrow'><\/div><header class=\"entry-content-header\"><h3 class='grid-entry-title entry-title'  itemprop=\"headline\" ><a href='https:\/\/www.montasio.com\/fr\/socio\/lattebusche-s-c-a\/' title='LATTEBUSCHE S.C.A.'>LATTEBUSCHE S.C.A.<\/a><\/h3><\/header><div class='grid-entry-excerpt entry-content'  itemprop=\"text\" ><img src=\"https:\/\/dev.aipem.it\/montasio\/wp-content\/uploads\/2023\/05\/montagna.svg\" class=\"socio_list_img\" \/><\/div><\/div><footer class=\"entry-footer\"><\/footer><\/article><\/div><div data-ajax-id='1735' class=' grid-entry flex_column isotope-item all_sort no_margin post-entry post-entry-1735 grid-entry-overview grid-loop-2 grid-parity-even  belluno-fr_sort produttori-fr_sort  av_one_fourth  default_av_fullwidth '><article class='main_color inner-entry'  itemscope=\"itemscope\" itemtype=\"https:\/\/schema.org\/CreativeWork\" ><a href='https:\/\/www.montasio.com\/fr\/socio\/cooperativa-centro-caseario-ed-agrituristico-dellaltopiano-tambre-spert-cansiglio\/' title='COOPERATIVA CENTRO CASEARIO ed AGRITURISTICO dell&#039;ALTOPIANO TAMBRE-SPERT CANSIGLIO'  data-rel='grid-1' class='grid-image avia-hover-fx'><img width=\"260\" height=\"185\" src=\"https:\/\/www.montasio.com\/wp-content\/uploads\/2023\/06\/tabella-valori-nutrizionali-copia1-copia-1-260x185.jpg\" class=\"attachment-portfolio_small size-portfolio_small wp-post-image\" alt=\"\" decoding=\"async\" \/><\/a><div class='grid-content'><div class='avia-arrow'><\/div><header class=\"entry-content-header\"><h3 class='grid-entry-title entry-title'  itemprop=\"headline\" ><a href='https:\/\/www.montasio.com\/fr\/socio\/cooperativa-centro-caseario-ed-agrituristico-dellaltopiano-tambre-spert-cansiglio\/' title='COOPERATIVA CENTRO CASEARIO ed AGRITURISTICO dell&#039;ALTOPIANO TAMBRE-SPERT CANSIGLIO'>COOPERATIVA CENTRO CASEARIO ed AGRITURISTICO dell'ALTOPIANO TAMBRE-SPERT CANSIGLIO<\/a><\/h3><\/header><div class='grid-entry-excerpt entry-content'  itemprop=\"text\" ><img src=\"https:\/\/dev.aipem.it\/montasio\/wp-content\/uploads\/2023\/05\/montagna.svg\" class=\"socio_list_img\" \/>\r\n<img src=\"https:\/\/dev.aipem.it\/montasio\/wp-content\/uploads\/2023\/05\/bio.svg\" class=\"socio_list_img\" \/><\/div><\/div><footer class=\"entry-footer\"><\/footer><\/article><\/div><div data-ajax-id='1749' class=' grid-entry flex_column isotope-item all_sort no_margin post-entry post-entry-1749 grid-entry-overview grid-loop-3 grid-parity-odd  produttori-fr_sort treviso-fr_sort  av_one_fourth  default_av_fullwidth '><article class='main_color inner-entry'  itemscope=\"itemscope\" itemtype=\"https:\/\/schema.org\/CreativeWork\" ><a href='https:\/\/www.montasio.com\/fr\/socio\/centro-veneto-formaggi-srl\/' title='CENTRO VENETO FORMAGGI SRL'  data-rel='grid-1' class='grid-image avia-hover-fx'><img width=\"260\" height=\"185\" src=\"https:\/\/www.montasio.com\/wp-content\/uploads\/2023\/06\/653tv-logo-VENETO-FORMAGGI-260x185.jpg\" class=\"attachment-portfolio_small size-portfolio_small wp-post-image\" alt=\"\" decoding=\"async\" \/><\/a><div class='grid-content'><div class='avia-arrow'><\/div><header class=\"entry-content-header\"><h3 class='grid-entry-title entry-title'  itemprop=\"headline\" ><a href='https:\/\/www.montasio.com\/fr\/socio\/centro-veneto-formaggi-srl\/' title='CENTRO VENETO FORMAGGI SRL'>CENTRO VENETO FORMAGGI SRL<\/a><\/h3><\/header><\/div><footer class=\"entry-footer\"><\/footer><\/article><\/div><div data-ajax-id='1757' class=' grid-entry flex_column isotope-item all_sort no_margin post-entry post-entry-1757 grid-entry-overview grid-loop-4 grid-parity-even  produttori-fr_sort treviso-fr_sort  av_one_fourth  default_av_fullwidth '><article class='main_color inner-entry'  itemscope=\"itemscope\" itemtype=\"https:\/\/schema.org\/CreativeWork\" ><a href='https:\/\/www.montasio.com\/fr\/socio\/toniolo-casearia-s-p-a\/' title='TONIOLO CASEARIA S.P.A.'  data-rel='grid-1' class='grid-image avia-hover-fx'><img width=\"260\" height=\"185\" src=\"https:\/\/www.montasio.com\/wp-content\/uploads\/2019\/11\/Screenshot-2022-03-09-at-15.25.06-1-260x185.png\" class=\"attachment-portfolio_small size-portfolio_small wp-post-image\" alt=\"\" decoding=\"async\" \/><\/a><div class='grid-content'><div class='avia-arrow'><\/div><header class=\"entry-content-header\"><h3 class='grid-entry-title entry-title'  itemprop=\"headline\" ><a href='https:\/\/www.montasio.com\/fr\/socio\/toniolo-casearia-s-p-a\/' title='TONIOLO CASEARIA S.P.A.'>TONIOLO CASEARIA S.P.A.<\/a><\/h3><\/header><\/div><footer class=\"entry-footer\"><\/footer><\/article><\/div><div data-ajax-id='1761' class=' grid-entry flex_column isotope-item all_sort no_margin post-entry post-entry-1761 grid-entry-overview grid-loop-5 grid-parity-odd  produttori-fr_sort treviso-fr_sort  av_one_fourth first default_av_fullwidth '><article class='main_color inner-entry'  itemscope=\"itemscope\" itemtype=\"https:\/\/schema.org\/CreativeWork\" ><a href='https:\/\/www.montasio.com\/fr\/socio\/perenzin-latteria-srl\/' title='PERENZIN LATTERIA SRL'  data-rel='grid-1' class='grid-image avia-hover-fx'><img width=\"260\" height=\"185\" src=\"https:\/\/www.montasio.com\/wp-content\/uploads\/2023\/06\/649tv-Logo-Perenzin-icona-260x185.jpg\" class=\"attachment-portfolio_small size-portfolio_small wp-post-image\" alt=\"\" decoding=\"async\" \/><\/a><div class='grid-content'><div class='avia-arrow'><\/div><header class=\"entry-content-header\"><h3 class='grid-entry-title entry-title'  itemprop=\"headline\" ><a href='https:\/\/www.montasio.com\/fr\/socio\/perenzin-latteria-srl\/' title='PERENZIN LATTERIA SRL'>PERENZIN LATTERIA SRL<\/a><\/h3><\/header><div class='grid-entry-excerpt entry-content'  itemprop=\"text\" ><img src=\"https:\/\/dev.aipem.it\/montasio\/wp-content\/uploads\/2023\/05\/bio.svg\"socio_list_img\" \/><\/div><\/div><footer class=\"entry-footer\"><\/footer><\/article><\/div><div data-ajax-id='1739' class=' grid-entry flex_column isotope-item all_sort no_margin post-entry post-entry-1739 grid-entry-overview grid-loop-6 grid-parity-even  belluno-fr_sort produttori-fr_sort  av_one_fourth  default_av_fullwidth '><article class='main_color inner-entry'  itemscope=\"itemscope\" itemtype=\"https:\/\/schema.org\/CreativeWork\" ><a href='https:\/\/www.montasio.com\/fr\/socio\/latteria-di-camolino-sca\/' title='LATTERIA DI CAMOLINO SCA'  data-rel='grid-1' class='grid-image avia-hover-fx'><img width=\"260\" height=\"185\" src=\"https:\/\/www.montasio.com\/wp-content\/uploads\/2023\/06\/504bl-Latteria-Camolino-logo-icona-260x185.jpg\" class=\"attachment-portfolio_small size-portfolio_small wp-post-image\" alt=\"\" decoding=\"async\" \/><\/a><div class='grid-content'><div class='avia-arrow'><\/div><header class=\"entry-content-header\"><h3 class='grid-entry-title entry-title'  itemprop=\"headline\" ><a href='https:\/\/www.montasio.com\/fr\/socio\/latteria-di-camolino-sca\/' title='LATTERIA DI CAMOLINO SCA'>LATTERIA DI CAMOLINO SCA<\/a><\/h3><\/header><div class='grid-entry-excerpt entry-content'  itemprop=\"text\" ><img src=\"https:\/\/dev.aipem.it\/montasio\/wp-content\/uploads\/2023\/05\/montagna.svg\" class=\"socio_list_img\" \/><\/div><\/div><footer class=\"entry-footer\"><\/footer><\/article><\/div><div data-ajax-id='1764' class=' grid-entry flex_column isotope-item all_sort no_margin post-entry post-entry-1764 grid-entry-overview grid-loop-7 grid-parity-odd  produttori-fr_sort treviso-fr_sort  av_one_fourth  default_av_fullwidth '><article class='main_color inner-entry'  itemscope=\"itemscope\" itemtype=\"https:\/\/schema.org\/CreativeWork\" ><a href='https:\/\/www.montasio.com\/fr\/socio\/latteria-roverbasso-srl\/' title='LATTERIA ROVERBASSO SRL'  data-rel='grid-1' class='grid-image avia-hover-fx'><img width=\"193\" height=\"185\" src=\"https:\/\/www.montasio.com\/wp-content\/uploads\/2023\/06\/640tv-logo-latteria-roverbasso-193x185.jpg\" class=\"attachment-portfolio_small size-portfolio_small wp-post-image\" alt=\"\" decoding=\"async\" srcset=\"https:\/\/www.montasio.com\/wp-content\/uploads\/2023\/06\/640tv-logo-latteria-roverbasso-193x185.jpg 193w, https:\/\/www.montasio.com\/wp-content\/uploads\/2023\/06\/640tv-logo-latteria-roverbasso-36x36.jpg 36w\" sizes=\"(max-width: 193px) 100vw, 193px\" \/><\/a><div class='grid-content'><div class='avia-arrow'><\/div><header class=\"entry-content-header\"><h3 class='grid-entry-title entry-title'  itemprop=\"headline\" ><a href='https:\/\/www.montasio.com\/fr\/socio\/latteria-roverbasso-srl\/' title='LATTERIA ROVERBASSO SRL'>LATTERIA ROVERBASSO SRL<\/a><\/h3><\/header><\/div><footer class=\"entry-footer\"><\/footer><\/article><\/div><div data-ajax-id='1765' class=' grid-entry flex_column isotope-item all_sort no_margin post-entry post-entry-1765 grid-entry-overview grid-loop-8 grid-parity-even  produttori-fr_sort treviso-fr_sort  av_one_fourth  default_av_fullwidth '><article class='main_color inner-entry'  itemscope=\"itemscope\" itemtype=\"https:\/\/schema.org\/CreativeWork\" ><a href='https:\/\/www.montasio.com\/fr\/socio\/latteria-caseificio-moro-srl\/' title='LATTERIA &amp; CASEIFICIO MORO SRL'  data-rel='grid-1' class='grid-image avia-hover-fx'><img width=\"260\" height=\"185\" src=\"https:\/\/www.montasio.com\/wp-content\/uploads\/2023\/06\/631tv-logo-caseificio-moro-260x185.jpg\" class=\"attachment-portfolio_small size-portfolio_small wp-post-image\" alt=\"\" decoding=\"async\" \/><\/a><div class='grid-content'><div class='avia-arrow'><\/div><header class=\"entry-content-header\"><h3 class='grid-entry-title entry-title'  itemprop=\"headline\" ><a href='https:\/\/www.montasio.com\/fr\/socio\/latteria-caseificio-moro-srl\/' title='LATTERIA &amp; CASEIFICIO MORO SRL'>LATTERIA & CASEIFICIO MORO SRL<\/a><\/h3><\/header><\/div><footer class=\"entry-footer\"><\/footer><\/article><\/div><div data-ajax-id='1772' class=' grid-entry flex_column isotope-item all_sort no_margin post-entry post-entry-1772 grid-entry-overview grid-loop-9 grid-parity-odd  produttori-fr_sort treviso-fr_sort  av_one_fourth first default_av_fullwidth '><article class='main_color inner-entry'  itemscope=\"itemscope\" itemtype=\"https:\/\/schema.org\/CreativeWork\" ><a href='https:\/\/www.montasio.com\/fr\/socio\/latterie-venete-spa\/' title='LATTERIE VENETE SPA'  data-rel='grid-1' class='grid-image avia-hover-fx'><img width=\"260\" height=\"185\" src=\"https:\/\/www.montasio.com\/wp-content\/uploads\/2019\/11\/13709459139691534036_LatterieVenetE-260x185.png\" class=\"attachment-portfolio_small size-portfolio_small wp-post-image\" alt=\"\" decoding=\"async\" \/><\/a><div class='grid-content'><div class='avia-arrow'><\/div><header class=\"entry-content-header\"><h3 class='grid-entry-title entry-title'  itemprop=\"headline\" ><a href='https:\/\/www.montasio.com\/fr\/socio\/latterie-venete-spa\/' title='LATTERIE VENETE SPA'>LATTERIE VENETE SPA<\/a><\/h3><\/header><\/div><footer class=\"entry-footer\"><\/footer><\/article><\/div><div data-ajax-id='1776' class=' grid-entry flex_column isotope-item all_sort no_margin post-entry post-entry-1776 grid-entry-overview grid-loop-10 grid-parity-even  produttori-fr_sort treviso-fr_sort  av_one_fourth  default_av_fullwidth '><article class='main_color inner-entry'  itemscope=\"itemscope\" itemtype=\"https:\/\/schema.org\/CreativeWork\" ><a href='https:\/\/www.montasio.com\/fr\/socio\/latteria-soc-tarzo-e-revine-lago-s-c-a\/' title='LATTERIA SOC.TARZO E REVINE LAGO S.C.A.'  data-rel='grid-1' class='grid-image avia-hover-fx'><img width=\"180\" height=\"180\" src=\"https:\/\/www.montasio.com\/wp-content\/uploads\/2019\/11\/Logo-Latteria-567.png\" class=\"attachment-portfolio_small size-portfolio_small wp-post-image\" alt=\"\" decoding=\"async\" srcset=\"https:\/\/www.montasio.com\/wp-content\/uploads\/2019\/11\/Logo-Latteria-567.png 180w, https:\/\/www.montasio.com\/wp-content\/uploads\/2019\/11\/Logo-Latteria-567-80x80.png 80w, https:\/\/www.montasio.com\/wp-content\/uploads\/2019\/11\/Logo-Latteria-567-36x36.png 36w, https:\/\/www.montasio.com\/wp-content\/uploads\/2019\/11\/Logo-Latteria-567-120x120.png 120w\" sizes=\"(max-width: 180px) 100vw, 180px\" \/><\/a><div class='grid-content'><div class='avia-arrow'><\/div><header class=\"entry-content-header\"><h3 class='grid-entry-title entry-title'  itemprop=\"headline\" ><a href='https:\/\/www.montasio.com\/fr\/socio\/latteria-soc-tarzo-e-revine-lago-s-c-a\/' title='LATTERIA SOC.TARZO E REVINE LAGO S.C.A.'>LATTERIA SOC.TARZO E REVINE LAGO S.C.A.<\/a><\/h3><\/header><\/div><footer class=\"entry-footer\"><\/footer><\/article><\/div><div data-ajax-id='1779' class=' grid-entry flex_column isotope-item all_sort no_margin post-entry post-entry-1779 grid-entry-overview grid-loop-11 grid-parity-odd  produttori-fr_sort treviso-fr_sort  av_one_fourth  default_av_fullwidth '><article class='main_color inner-entry'  itemscope=\"itemscope\" itemtype=\"https:\/\/schema.org\/CreativeWork\" ><a href='https:\/\/www.montasio.com\/fr\/socio\/agricansiglio-s-c-a\/' title='LATTERIA DI SOLIGO S.C.A.'  data-rel='grid-1' class='grid-image avia-hover-fx'><img width=\"260\" height=\"185\" src=\"https:\/\/www.montasio.com\/wp-content\/uploads\/2023\/05\/606tv-logolatteria-soligo-icona-260x185.jpg\" class=\"attachment-portfolio_small size-portfolio_small wp-post-image\" alt=\"\" decoding=\"async\" \/><\/a><div class='grid-content'><div class='avia-arrow'><\/div><header class=\"entry-content-header\"><h3 class='grid-entry-title entry-title'  itemprop=\"headline\" ><a href='https:\/\/www.montasio.com\/fr\/socio\/agricansiglio-s-c-a\/' title='LATTERIA DI SOLIGO S.C.A.'>LATTERIA DI SOLIGO S.C.A.<\/a><\/h3><\/header><div class='grid-entry-excerpt entry-content'  itemprop=\"text\" ><img src=\"http:\/\/www.montasio.com\/wp-content\/uploads\/2018\/07\/Prodotto-della-montagna.png\" class=\"socio_list_img\" \/><\/div><\/div><footer class=\"entry-footer\"><\/footer><\/article><\/div><div data-ajax-id='1780' class=' grid-entry flex_column isotope-item all_sort no_margin post-entry post-entry-1780 grid-entry-overview grid-loop-12 grid-parity-even  pordenone-fr_sort produttori-fr_sort  av_one_fourth  default_av_fullwidth '><article class='main_color inner-entry'  itemscope=\"itemscope\" itemtype=\"https:\/\/schema.org\/CreativeWork\" ><a href='https:\/\/www.montasio.com\/fr\/socio\/pradis-di-sopra-snc\/' title='PRADIS DI SOPRA SNC'  data-rel='grid-1' class='grid-image avia-hover-fx'><img width=\"260\" height=\"185\" src=\"https:\/\/www.montasio.com\/wp-content\/uploads\/2023\/04\/249pn-logo-Pradis-latteria-icona-260x185.jpg\" class=\"attachment-portfolio_small size-portfolio_small wp-post-image\" alt=\"\" decoding=\"async\" \/><\/a><div class='grid-content'><div class='avia-arrow'><\/div><header class=\"entry-content-header\"><h3 class='grid-entry-title entry-title'  itemprop=\"headline\" ><a href='https:\/\/www.montasio.com\/fr\/socio\/pradis-di-sopra-snc\/' title='PRADIS DI SOPRA SNC'>PRADIS DI SOPRA SNC<\/a><\/h3><\/header><div class='grid-entry-excerpt entry-content'  itemprop=\"text\" ><img src=\"https:\/\/dev.aipem.it\/montasio\/wp-content\/uploads\/2023\/05\/montagna.svg\" class=\"socio_list_img\" \/><img src=\"https:\/\/dev.aipem.it\/montasio\/wp-content\/uploads\/2023\/05\/bio.svg\" class=\"socio_list_img\" \/><\/div><\/div><footer class=\"entry-footer\"><\/footer><\/article><\/div><div data-ajax-id='1784' class=' grid-entry flex_column isotope-item all_sort no_margin post-entry post-entry-1784 grid-entry-overview grid-loop-13 grid-parity-odd  pordenone-fr_sort produttori-fr_sort  av_one_fourth first default_av_fullwidth '><article class='main_color inner-entry'  itemscope=\"itemscope\" itemtype=\"https:\/\/schema.org\/CreativeWork\" ><a href='https:\/\/www.montasio.com\/fr\/socio\/tre-valli-s-r-l\/' title='TRE VALLI S.R.L.'  data-rel='grid-1' class='grid-image avia-hover-fx'><img width=\"260\" height=\"185\" src=\"https:\/\/www.montasio.com\/wp-content\/uploads\/2023\/04\/244pn-logo-3Valli-travesio-icona-260x185.jpg\" class=\"attachment-portfolio_small size-portfolio_small wp-post-image\" alt=\"\" decoding=\"async\" \/><\/a><div class='grid-content'><div class='avia-arrow'><\/div><header class=\"entry-content-header\"><h3 class='grid-entry-title entry-title'  itemprop=\"headline\" ><a href='https:\/\/www.montasio.com\/fr\/socio\/tre-valli-s-r-l\/' title='TRE VALLI S.R.L.'>TRE VALLI S.R.L.<\/a><\/h3><\/header><\/div><footer class=\"entry-footer\"><\/footer><\/article><\/div><div data-ajax-id='1787' class=' grid-entry flex_column isotope-item all_sort no_margin post-entry post-entry-1787 grid-entry-overview grid-loop-14 grid-parity-even  pordenone-fr_sort produttori-fr_sort  av_one_fourth  default_av_fullwidth '><article class='main_color inner-entry'  itemscope=\"itemscope\" itemtype=\"https:\/\/schema.org\/CreativeWork\" ><a href='https:\/\/www.montasio.com\/fr\/socio\/latteria-di-visinale-s-r-l\/' title='LATTERIA DI VISINALE S.R.L.'  data-rel='grid-1' class='grid-image avia-hover-fx'><img width=\"260\" height=\"185\" src=\"https:\/\/www.montasio.com\/wp-content\/uploads\/2023\/04\/239pn-logo-latteria_visinale_icona-260x185.jpg\" class=\"attachment-portfolio_small size-portfolio_small wp-post-image\" alt=\"\" decoding=\"async\" \/><\/a><div class='grid-content'><div class='avia-arrow'><\/div><header class=\"entry-content-header\"><h3 class='grid-entry-title entry-title'  itemprop=\"headline\" ><a href='https:\/\/www.montasio.com\/fr\/socio\/latteria-di-visinale-s-r-l\/' title='LATTERIA DI VISINALE S.R.L.'>LATTERIA DI VISINALE S.R.L.<\/a><\/h3><\/header><div class='grid-entry-excerpt entry-content'  itemprop=\"text\" ><img src=\"https:\/\/dev.aipem.it\/montasio\/wp-content\/uploads\/2023\/05\/bio.svg\" class=\"socio_list_img\" \/><\/div><\/div><footer class=\"entry-footer\"><\/footer><\/article><\/div><div data-ajax-id='1791' class=' grid-entry flex_column isotope-item all_sort no_margin post-entry post-entry-1791 grid-entry-overview grid-loop-15 grid-parity-odd  pordenone-fr_sort produttori-fr_sort  av_one_fourth  default_av_fullwidth '><article class='main_color inner-entry'  itemscope=\"itemscope\" itemtype=\"https:\/\/schema.org\/CreativeWork\" ><a href='https:\/\/www.montasio.com\/fr\/socio\/latteria-soc-di-maron-s-c-a\/' title='LATTERIA SOC. DI MARON S.C.A.'  data-rel='grid-1' class='grid-image avia-hover-fx'><img width=\"260\" height=\"185\" src=\"https:\/\/www.montasio.com\/wp-content\/uploads\/2023\/03\/220pn-Logo-maron-260x185.jpg\" class=\"attachment-portfolio_small size-portfolio_small wp-post-image\" alt=\"\" decoding=\"async\" \/><\/a><div class='grid-content'><div class='avia-arrow'><\/div><header class=\"entry-content-header\"><h3 class='grid-entry-title entry-title'  itemprop=\"headline\" ><a href='https:\/\/www.montasio.com\/fr\/socio\/latteria-soc-di-maron-s-c-a\/' title='LATTERIA SOC. DI MARON S.C.A.'>LATTERIA SOC. DI MARON S.C.A.<\/a><\/h3><\/header><\/div><footer class=\"entry-footer\"><\/footer><\/article><\/div><div data-ajax-id='1794' class=' grid-entry flex_column isotope-item all_sort no_margin post-entry post-entry-1794 grid-entry-overview grid-loop-16 grid-parity-even  pordenone-fr_sort produttori-fr_sort  av_one_fourth  default_av_fullwidth '><article class='main_color inner-entry'  itemscope=\"itemscope\" itemtype=\"https:\/\/schema.org\/CreativeWork\" ><a href='https:\/\/www.montasio.com\/fr\/socio\/latteria-soc-di-marsure-s-c-a\/' title='LATTERIA SOC. DI MARSURE S.C.A.'  data-rel='grid-1' class='grid-image avia-hover-fx'><img width=\"250\" height=\"185\" src=\"https:\/\/www.montasio.com\/wp-content\/uploads\/2019\/11\/logo-250x185.jpg\" class=\"attachment-portfolio_small size-portfolio_small wp-post-image\" alt=\"\" decoding=\"async\" \/><\/a><div class='grid-content'><div class='avia-arrow'><\/div><header class=\"entry-content-header\"><h3 class='grid-entry-title entry-title'  itemprop=\"headline\" ><a href='https:\/\/www.montasio.com\/fr\/socio\/latteria-soc-di-marsure-s-c-a\/' title='LATTERIA SOC. DI MARSURE S.C.A.'>LATTERIA SOC. DI MARSURE S.C.A.<\/a><\/h3><\/header><\/div><footer class=\"entry-footer\"><\/footer><\/article><\/div><div data-ajax-id='1802' class=' grid-entry flex_column isotope-item all_sort no_margin post-entry post-entry-1802 grid-entry-overview grid-loop-17 grid-parity-odd  pordenone-fr_sort produttori-fr_sort  av_one_fourth first default_av_fullwidth '><article class='main_color inner-entry'  itemscope=\"itemscope\" itemtype=\"https:\/\/schema.org\/CreativeWork\" ><a href='https:\/\/www.montasio.com\/fr\/socio\/caseificio-f-lli-badin-s-n-c\/' title='CASEIFICIO F.LLI BADIN  S.N.C.'  data-rel='grid-1' class='grid-image avia-hover-fx'><img width=\"260\" height=\"185\" src=\"https:\/\/www.montasio.com\/wp-content\/uploads\/2018\/06\/Caseificio-Badin-260x185.png\" class=\"attachment-portfolio_small size-portfolio_small wp-post-image\" alt=\"\" decoding=\"async\" \/><\/a><div class='grid-content'><div class='avia-arrow'><\/div><header class=\"entry-content-header\"><h3 class='grid-entry-title entry-title'  itemprop=\"headline\" ><a href='https:\/\/www.montasio.com\/fr\/socio\/caseificio-f-lli-badin-s-n-c\/' title='CASEIFICIO F.LLI BADIN  S.N.C.'>CASEIFICIO F.LLI BADIN  S.N.C.<\/a><\/h3><\/header><\/div><footer class=\"entry-footer\"><\/footer><\/article><\/div><div data-ajax-id='1795' class=' grid-entry flex_column isotope-item all_sort no_margin post-entry post-entry-1795 grid-entry-overview grid-loop-18 grid-parity-even  pordenone-fr_sort produttori-fr_sort  av_one_fourth  default_av_fullwidth '><article class='main_color inner-entry'  itemscope=\"itemscope\" itemtype=\"https:\/\/schema.org\/CreativeWork\" ><a href='https:\/\/www.montasio.com\/fr\/socio\/cas-soc-coop-di-fontanafredda-s-c-a\/' title='CAS.SOC.COOP. DI FONTANAFREDDA S.C.A.'  data-rel='grid-1' class='grid-image avia-hover-fx'><img width=\"260\" height=\"185\" src=\"https:\/\/www.montasio.com\/wp-content\/uploads\/2018\/06\/218pn-logo-caseificio-di-fontanafredda-260x185.jpg\" class=\"attachment-portfolio_small size-portfolio_small wp-post-image\" alt=\"\" decoding=\"async\" \/><\/a><div class='grid-content'><div class='avia-arrow'><\/div><header class=\"entry-content-header\"><h3 class='grid-entry-title entry-title'  itemprop=\"headline\" ><a href='https:\/\/www.montasio.com\/fr\/socio\/cas-soc-coop-di-fontanafredda-s-c-a\/' title='CAS.SOC.COOP. DI FONTANAFREDDA S.C.A.'>CAS.SOC.COOP. DI FONTANAFREDDA S.C.A.<\/a><\/h3><\/header><\/div><footer class=\"entry-footer\"><\/footer><\/article><\/div><div data-ajax-id='1806' class=' grid-entry flex_column isotope-item all_sort no_margin post-entry post-entry-1806 grid-entry-overview grid-loop-19 grid-parity-odd  pordenone-fr_sort produttori-fr_sort  av_one_fourth  default_av_fullwidth '><article class='main_color inner-entry'  itemscope=\"itemscope\" itemtype=\"https:\/\/schema.org\/CreativeWork\" ><a href='https:\/\/www.montasio.com\/fr\/socio\/latteria-di-palse-sca\/' title='LATTERIA DI PALSE SCA'  data-rel='grid-1' class='grid-image avia-hover-fx'><img width=\"260\" height=\"185\" src=\"https:\/\/www.montasio.com\/wp-content\/uploads\/2019\/11\/LOGO_LATTERIAPALSE-1-260x185.png\" class=\"attachment-portfolio_small size-portfolio_small wp-post-image\" alt=\"\" decoding=\"async\" srcset=\"https:\/\/www.montasio.com\/wp-content\/uploads\/2019\/11\/LOGO_LATTERIAPALSE-1-260x185.png 260w, https:\/\/www.montasio.com\/wp-content\/uploads\/2019\/11\/LOGO_LATTERIAPALSE-1-888x630.png 888w\" sizes=\"(max-width: 260px) 100vw, 260px\" \/><\/a><div class='grid-content'><div class='avia-arrow'><\/div><header class=\"entry-content-header\"><h3 class='grid-entry-title entry-title'  itemprop=\"headline\" ><a href='https:\/\/www.montasio.com\/fr\/socio\/latteria-di-palse-sca\/' title='LATTERIA DI PALSE SCA'>LATTERIA DI PALSE SCA<\/a><\/h3><\/header><\/div><footer class=\"entry-footer\"><\/footer><\/article><\/div><div data-ajax-id='1799' class=' grid-entry flex_column isotope-item all_sort no_margin post-entry post-entry-1799 grid-entry-overview grid-loop-20 grid-parity-even  pordenone-fr_sort produttori-fr_sort  av_one_fourth  default_av_fullwidth '><article class='main_color inner-entry'  itemscope=\"itemscope\" itemtype=\"https:\/\/schema.org\/CreativeWork\" ><a href='https:\/\/www.montasio.com\/fr\/socio\/caseif-dalla-torre-di-burato-a-c-snc\/' title='CASEIF. DALLA TORRE DI BURATO A.&amp;C. SNC'  data-rel='grid-1' class='grid-image avia-hover-fx'><img width=\"260\" height=\"185\" src=\"https:\/\/www.montasio.com\/wp-content\/uploads\/2023\/03\/215pn-logo-Dalla-Torre-260x185.jpg\" class=\"attachment-portfolio_small size-portfolio_small wp-post-image\" alt=\"\" decoding=\"async\" \/><\/a><div class='grid-content'><div class='avia-arrow'><\/div><header class=\"entry-content-header\"><h3 class='grid-entry-title entry-title'  itemprop=\"headline\" ><a href='https:\/\/www.montasio.com\/fr\/socio\/caseif-dalla-torre-di-burato-a-c-snc\/' title='CASEIF. DALLA TORRE DI BURATO A.&amp;C. SNC'>CASEIF. DALLA TORRE DI BURATO A.&C. SNC<\/a><\/h3><\/header><\/div><footer class=\"entry-footer\"><\/footer><\/article><\/div><div data-ajax-id='1810' class=' grid-entry flex_column isotope-item all_sort no_margin post-entry post-entry-1810 grid-entry-overview grid-loop-21 grid-parity-odd  produttori-fr_sort udine-fr_sort  av_one_fourth first default_av_fullwidth '><article class='main_color inner-entry'  itemscope=\"itemscope\" itemtype=\"https:\/\/schema.org\/CreativeWork\" ><a href='https:\/\/www.montasio.com\/fr\/socio\/az-agr-la-sisile\/' title='AZ. AGR. LA SISILE'  data-rel='grid-1' class='grid-image avia-hover-fx'><img width=\"260\" height=\"185\" src=\"https:\/\/www.montasio.com\/wp-content\/uploads\/2023\/02\/050ud-logo-sisile-bio-icona-260x185.jpg\" class=\"attachment-portfolio_small size-portfolio_small wp-post-image\" alt=\"\" decoding=\"async\" \/><\/a><div class='grid-content'><div class='avia-arrow'><\/div><header class=\"entry-content-header\"><h3 class='grid-entry-title entry-title'  itemprop=\"headline\" ><a href='https:\/\/www.montasio.com\/fr\/socio\/az-agr-la-sisile\/' title='AZ. AGR. LA SISILE'>AZ. AGR. LA SISILE<\/a><\/h3><\/header><div class='grid-entry-excerpt entry-content'  itemprop=\"text\" ><img src=\"https:\/\/dev.aipem.it\/montasio\/wp-content\/uploads\/2023\/05\/bio.svg\" class=\"socio_list_img\" \/><\/div><\/div><footer class=\"entry-footer\"><\/footer><\/article><\/div><div data-ajax-id='1817' class=' grid-entry flex_column isotope-item all_sort no_margin post-entry post-entry-1817 grid-entry-overview grid-loop-22 grid-parity-even  produttori-fr_sort udine-fr_sort  av_one_fourth  default_av_fullwidth '><article class='main_color inner-entry'  itemscope=\"itemscope\" itemtype=\"https:\/\/schema.org\/CreativeWork\" ><a href='https:\/\/www.montasio.com\/fr\/socio\/latteria-borgo-centro\/' title='latteria BORGO CENTRO'  data-rel='grid-1' class='grid-image avia-hover-fx'><img width=\"260\" height=\"185\" src=\"https:\/\/www.montasio.com\/wp-content\/uploads\/2023\/02\/048ud-borgo-centro-fagagna-260x185.jpg\" class=\"attachment-portfolio_small size-portfolio_small wp-post-image\" alt=\"\" decoding=\"async\" \/><\/a><div class='grid-content'><div class='avia-arrow'><\/div><header class=\"entry-content-header\"><h3 class='grid-entry-title entry-title'  itemprop=\"headline\" ><a href='https:\/\/www.montasio.com\/fr\/socio\/latteria-borgo-centro\/' title='latteria BORGO CENTRO'>latteria BORGO CENTRO<\/a><\/h3><\/header><\/div><footer class=\"entry-footer\"><\/footer><\/article><\/div><div data-ajax-id='1821' class=' grid-entry flex_column isotope-item all_sort no_margin post-entry post-entry-1821 grid-entry-overview grid-loop-23 grid-parity-odd  produttori-fr_sort udine-fr_sort  av_one_fourth  default_av_fullwidth '><article class='main_color inner-entry'  itemscope=\"itemscope\" itemtype=\"https:\/\/schema.org\/CreativeWork\" ><a href='https:\/\/www.montasio.com\/fr\/socio\/artelatte-srl\/' title='ARTELATTE SRL'  data-rel='grid-1' class='grid-image avia-hover-fx'><img width=\"260\" height=\"185\" src=\"https:\/\/www.montasio.com\/wp-content\/uploads\/2023\/02\/047ud-logo-Artelatte-ovaro_icona-260x185.jpg\" class=\"attachment-portfolio_small size-portfolio_small wp-post-image\" alt=\"\" decoding=\"async\" \/><\/a><div class='grid-content'><div class='avia-arrow'><\/div><header class=\"entry-content-header\"><h3 class='grid-entry-title entry-title'  itemprop=\"headline\" ><a href='https:\/\/www.montasio.com\/fr\/socio\/artelatte-srl\/' title='ARTELATTE SRL'>ARTELATTE SRL<\/a><\/h3><\/header><div class='grid-entry-excerpt entry-content'  itemprop=\"text\" ><img src=\"https:\/\/dev.aipem.it\/montasio\/wp-content\/uploads\/2023\/05\/montagna.svg\" class=\"socio_list_img\" \/><\/div><\/div><footer class=\"entry-footer\"><\/footer><\/article><\/div><div data-ajax-id='1824' class=' grid-entry flex_column isotope-item all_sort no_margin post-entry post-entry-1824 grid-entry-overview grid-loop-24 grid-parity-even  produttori-fr_sort udine-fr_sort  av_one_fourth  default_av_fullwidth '><article class='main_color inner-entry'  itemscope=\"itemscope\" itemtype=\"https:\/\/schema.org\/CreativeWork\" ><a href='https:\/\/www.montasio.com\/fr\/socio\/sila-sas-di-basso-g-c\/' title='SILA SAS DI BASSO G. &amp; C.'  data-rel='grid-1' class='grid-image avia-hover-fx'><img width=\"260\" height=\"185\" src=\"https:\/\/www.montasio.com\/wp-content\/uploads\/2023\/02\/logo-sila-260x185.jpg\" class=\"attachment-portfolio_small size-portfolio_small wp-post-image\" alt=\"\" decoding=\"async\" \/><\/a><div class='grid-content'><div class='avia-arrow'><\/div><header class=\"entry-content-header\"><h3 class='grid-entry-title entry-title'  itemprop=\"headline\" ><a href='https:\/\/www.montasio.com\/fr\/socio\/sila-sas-di-basso-g-c\/' title='SILA SAS DI BASSO G. &amp; C.'>SILA SAS DI BASSO G. & C.<\/a><\/h3><\/header><\/div><footer class=\"entry-footer\"><\/footer><\/article><\/div><div data-ajax-id='1809' class=' grid-entry flex_column isotope-item all_sort no_margin post-entry post-entry-1809 grid-entry-overview grid-loop-25 grid-parity-odd  gorizia-fr_sort produttori-fr_sort  av_one_fourth first default_av_fullwidth '><article class='main_color inner-entry'  itemscope=\"itemscope\" itemtype=\"https:\/\/schema.org\/CreativeWork\" ><a href='https:\/\/www.montasio.com\/fr\/socio\/latte-carso-srl\/' title='LATTE CARSO SRL'  data-rel='grid-1' class='grid-image avia-hover-fx'><img width=\"260\" height=\"185\" src=\"https:\/\/www.montasio.com\/wp-content\/uploads\/2023\/02\/045ud-Latte-Carso-logo-icona-260x185.jpg\" class=\"attachment-portfolio_small size-portfolio_small wp-post-image\" alt=\"\" decoding=\"async\" \/><\/a><div class='grid-content'><div class='avia-arrow'><\/div><header class=\"entry-content-header\"><h3 class='grid-entry-title entry-title'  itemprop=\"headline\" ><a href='https:\/\/www.montasio.com\/fr\/socio\/latte-carso-srl\/' title='LATTE CARSO SRL'>LATTE CARSO SRL<\/a><\/h3><\/header><\/div><footer class=\"entry-footer\"><\/footer><\/article><\/div><div data-ajax-id='1825' class=' grid-entry flex_column isotope-item all_sort no_margin post-entry post-entry-1825 grid-entry-overview grid-loop-26 grid-parity-even  produttori-fr_sort udine-fr_sort  av_one_fourth  default_av_fullwidth '><article class='main_color inner-entry'  itemscope=\"itemscope\" itemtype=\"https:\/\/schema.org\/CreativeWork\" ><a href='https:\/\/www.montasio.com\/fr\/socio\/consorzio-agrario-fvg-scarl\/' title='LATTE CARSO SPA'  data-rel='grid-1' class='grid-image avia-hover-fx'><img width=\"200\" height=\"185\" src=\"https:\/\/www.montasio.com\/wp-content\/uploads\/2019\/11\/1578562104969-1-200x185.jpg\" class=\"attachment-portfolio_small size-portfolio_small wp-post-image\" alt=\"\" decoding=\"async\" \/><\/a><div class='grid-content'><div class='avia-arrow'><\/div><header class=\"entry-content-header\"><h3 class='grid-entry-title entry-title'  itemprop=\"headline\" ><a href='https:\/\/www.montasio.com\/fr\/socio\/consorzio-agrario-fvg-scarl\/' title='LATTE CARSO SPA'>LATTE CARSO SPA<\/a><\/h3><\/header><div class='grid-entry-excerpt entry-content'  itemprop=\"text\" ><img src=\"https:\/\/dev.aipem.it\/montasio\/wp-content\/uploads\/2023\/05\/pezzata_rossa.svg\" \/><\/div><\/div><footer class=\"entry-footer\"><\/footer><\/article><\/div><div data-ajax-id='1829' class=' grid-entry flex_column isotope-item all_sort no_margin post-entry post-entry-1829 grid-entry-overview grid-loop-27 grid-parity-odd  produttori-fr_sort udine-fr_sort  av_one_fourth  default_av_fullwidth '><article class='main_color inner-entry'  itemscope=\"itemscope\" itemtype=\"https:\/\/schema.org\/CreativeWork\" ><a href='https:\/\/www.montasio.com\/fr\/socio\/cas-della-savia-s-n-c\/' title='CAS. DELLA SAVIA S.N.C.'  data-rel='grid-1' class='grid-image avia-hover-fx'><img width=\"260\" height=\"185\" src=\"https:\/\/www.montasio.com\/wp-content\/uploads\/2023\/02\/044ud-logo-cas-della-savia-basiliano-260x185.jpg\" class=\"attachment-portfolio_small size-portfolio_small wp-post-image\" alt=\"\" decoding=\"async\" \/><\/a><div class='grid-content'><div class='avia-arrow'><\/div><header class=\"entry-content-header\"><h3 class='grid-entry-title entry-title'  itemprop=\"headline\" ><a href='https:\/\/www.montasio.com\/fr\/socio\/cas-della-savia-s-n-c\/' title='CAS. DELLA SAVIA S.N.C.'>CAS. DELLA SAVIA S.N.C.<\/a><\/h3><\/header><\/div><footer class=\"entry-footer\"><\/footer><\/article><\/div><div data-ajax-id='1832' class=' grid-entry flex_column isotope-item all_sort no_margin post-entry post-entry-1832 grid-entry-overview grid-loop-28 grid-parity-even  produttori-fr_sort udine-fr_sort  av_one_fourth  default_av_fullwidth '><article class='main_color inner-entry'  itemscope=\"itemscope\" itemtype=\"https:\/\/schema.org\/CreativeWork\" ><a href='https:\/\/www.montasio.com\/fr\/socio\/cas-f-lli-luvisutti-s-n-c\/' title='CAS. F.LLI LUVISUTTI  S.N.C.'  data-rel='grid-1' class='grid-image avia-hover-fx'><img width=\"260\" height=\"185\" src=\"https:\/\/www.montasio.com\/wp-content\/uploads\/2018\/06\/Cas.-Luvisutti-260x185.png\" class=\"attachment-portfolio_small size-portfolio_small wp-post-image\" alt=\"\" decoding=\"async\" \/><\/a><div class='grid-content'><div class='avia-arrow'><\/div><header class=\"entry-content-header\"><h3 class='grid-entry-title entry-title'  itemprop=\"headline\" ><a href='https:\/\/www.montasio.com\/fr\/socio\/cas-f-lli-luvisutti-s-n-c\/' title='CAS. F.LLI LUVISUTTI  S.N.C.'>CAS. F.LLI LUVISUTTI  S.N.C.<\/a><\/h3><\/header><\/div><footer class=\"entry-footer\"><\/footer><\/article><\/div><div data-ajax-id='1836' class=' grid-entry flex_column isotope-item all_sort no_margin post-entry post-entry-1836 grid-entry-overview grid-loop-29 grid-parity-odd  produttori-fr_sort udine-fr_sort  av_one_fourth first default_av_fullwidth '><article class='main_color inner-entry'  itemscope=\"itemscope\" itemtype=\"https:\/\/schema.org\/CreativeWork\" ><a href='https:\/\/www.montasio.com\/fr\/socio\/latteria-soc-di-mortegliano-s-c-a\/' title='LATTERIA SOC. DI MORTEGLIANO S.C.A.'  data-rel='grid-1' class='grid-image avia-hover-fx'><img width=\"260\" height=\"185\" src=\"https:\/\/www.montasio.com\/wp-content\/uploads\/2023\/02\/033ud-Logo_Latteria_Sociale_Mortegliano-260x185.jpg\" class=\"attachment-portfolio_small size-portfolio_small wp-post-image\" alt=\"\" decoding=\"async\" \/><\/a><div class='grid-content'><div class='avia-arrow'><\/div><header class=\"entry-content-header\"><h3 class='grid-entry-title entry-title'  itemprop=\"headline\" ><a href='https:\/\/www.montasio.com\/fr\/socio\/latteria-soc-di-mortegliano-s-c-a\/' title='LATTERIA SOC. DI MORTEGLIANO S.C.A.'>LATTERIA SOC. DI MORTEGLIANO S.C.A.<\/a><\/h3><\/header><\/div><footer class=\"entry-footer\"><\/footer><\/article><\/div><div data-ajax-id='1839' class=' grid-entry flex_column isotope-item all_sort no_margin post-entry post-entry-1839 grid-entry-overview grid-loop-30 grid-parity-even  produttori-fr_sort udine-fr_sort  av_one_fourth  default_av_fullwidth '><article class='main_color inner-entry'  itemscope=\"itemscope\" itemtype=\"https:\/\/schema.org\/CreativeWork\" ><a href='https:\/\/www.montasio.com\/fr\/socio\/latteria-soc-di-coderno-s-c-a\/' title='LATTERIA SOC. DI CODERNO S.C.A.'  data-rel='grid-1' class='grid-image avia-hover-fx'><img width=\"225\" height=\"185\" src=\"https:\/\/www.montasio.com\/wp-content\/uploads\/2019\/11\/Alogo-225x185.png\" class=\"attachment-portfolio_small size-portfolio_small wp-post-image\" alt=\"\" decoding=\"async\" \/><\/a><div class='grid-content'><div class='avia-arrow'><\/div><header class=\"entry-content-header\"><h3 class='grid-entry-title entry-title'  itemprop=\"headline\" ><a href='https:\/\/www.montasio.com\/fr\/socio\/latteria-soc-di-coderno-s-c-a\/' title='LATTERIA SOC. DI CODERNO S.C.A.'>LATTERIA SOC. DI CODERNO S.C.A.<\/a><\/h3><\/header><\/div><footer class=\"entry-footer\"><\/footer><\/article><\/div><div data-ajax-id='1840' class=' grid-entry flex_column isotope-item all_sort no_margin post-entry post-entry-1840 grid-entry-overview grid-loop-31 grid-parity-odd  produttori-fr_sort udine-fr_sort  av_one_fourth  default_av_fullwidth '><article class='main_color inner-entry'  itemscope=\"itemscope\" itemtype=\"https:\/\/schema.org\/CreativeWork\" ><a href='https:\/\/www.montasio.com\/fr\/socio\/latt-soc-di-cividale-e-valli-del-natisone-s-c-a\/' title='LATT. SOC. DI CIVIDALE E VALLI DEL NATISONE S.C.A.'  data-rel='grid-1' class='grid-image avia-hover-fx'><img width=\"260\" height=\"185\" src=\"https:\/\/www.montasio.com\/wp-content\/uploads\/2023\/01\/021ud-latt.cividale-valli-natisone_icona-260x185.jpg\" class=\"attachment-portfolio_small size-portfolio_small wp-post-image\" alt=\"\" decoding=\"async\" \/><\/a><div class='grid-content'><div class='avia-arrow'><\/div><header class=\"entry-content-header\"><h3 class='grid-entry-title entry-title'  itemprop=\"headline\" ><a href='https:\/\/www.montasio.com\/fr\/socio\/latt-soc-di-cividale-e-valli-del-natisone-s-c-a\/' title='LATT. SOC. DI CIVIDALE E VALLI DEL NATISONE S.C.A.'>LATT. SOC. DI CIVIDALE E VALLI DEL NATISONE S.C.A.<\/a><\/h3><\/header><div class='grid-entry-excerpt entry-content'  itemprop=\"text\" ><img src=\"https:\/\/dev.aipem.it\/montasio\/wp-content\/uploads\/2023\/05\/gold.svg\" class=\"socio_list_img\" \/><\/div><\/div><footer class=\"entry-footer\"><\/footer><\/article><\/div><div data-ajax-id='1844' class=' grid-entry flex_column isotope-item all_sort no_margin post-entry post-entry-1844 grid-entry-overview grid-loop-32 grid-parity-even  produttori-fr_sort udine-fr_sort  av_one_fourth  default_av_fullwidth '><article class='main_color inner-entry'  itemscope=\"itemscope\" itemtype=\"https:\/\/schema.org\/CreativeWork\" ><a href='https:\/\/www.montasio.com\/fr\/socio\/parmalat-s-p-a\/' title='PARMALAT S.P.A.'  data-rel='grid-1' class='grid-image avia-hover-fx'><img width=\"260\" height=\"185\" src=\"https:\/\/www.montasio.com\/wp-content\/uploads\/2023\/01\/018ud-logo-parmalat-LatterieFriulane-260x185.jpg\" class=\"attachment-portfolio_small size-portfolio_small wp-post-image\" alt=\"\" decoding=\"async\" \/><\/a><div class='grid-content'><div class='avia-arrow'><\/div><header class=\"entry-content-header\"><h3 class='grid-entry-title entry-title'  itemprop=\"headline\" ><a href='https:\/\/www.montasio.com\/fr\/socio\/parmalat-s-p-a\/' title='PARMALAT S.P.A.'>PARMALAT S.P.A.<\/a><\/h3><\/header><\/div><footer class=\"entry-footer\"><\/footer><\/article><\/div><div data-ajax-id='1847' class=' grid-entry flex_column isotope-item all_sort no_margin post-entry post-entry-1847 grid-entry-overview grid-loop-33 grid-parity-odd  produttori-fr_sort udine-fr_sort  av_one_fourth first default_av_fullwidth '><article class='main_color inner-entry'  itemscope=\"itemscope\" itemtype=\"https:\/\/schema.org\/CreativeWork\" ><a href='https:\/\/www.montasio.com\/fr\/socio\/latteria-soc-di-talmassons-s-c-a\/' title='LATTERIA SOC. DI TALMASSONS S.C.A.'  data-rel='grid-1' class='grid-image avia-hover-fx'><img width=\"260\" height=\"185\" src=\"https:\/\/www.montasio.com\/wp-content\/uploads\/2023\/01\/010ud-logo-LatteriaSocialediTalmassons-260x185.jpg\" class=\"attachment-portfolio_small size-portfolio_small wp-post-image\" alt=\"\" decoding=\"async\" \/><\/a><div class='grid-content'><div class='avia-arrow'><\/div><header class=\"entry-content-header\"><h3 class='grid-entry-title entry-title'  itemprop=\"headline\" ><a href='https:\/\/www.montasio.com\/fr\/socio\/latteria-soc-di-talmassons-s-c-a\/' title='LATTERIA SOC. DI TALMASSONS S.C.A.'>LATTERIA SOC. DI TALMASSONS S.C.A.<\/a><\/h3><\/header><\/div><footer class=\"entry-footer\"><\/footer><\/article><\/div><div data-ajax-id='1854' class=' grid-entry flex_column isotope-item all_sort no_margin post-entry post-entry-1854 grid-entry-overview grid-loop-34 grid-parity-even  produttori-fr_sort udine-fr_sort  av_one_fourth  default_av_fullwidth '><article class='main_color inner-entry'  itemscope=\"itemscope\" itemtype=\"https:\/\/schema.org\/CreativeWork\" ><a href='https:\/\/www.montasio.com\/fr\/socio\/latteria-soc-di-castions-di-strada\/' title='LATTERIA SOC. DI CASTIONS DI STRADA S.C.A.'  data-rel='grid-1' class='grid-image avia-hover-fx'><img width=\"200\" height=\"185\" src=\"https:\/\/www.montasio.com\/wp-content\/uploads\/2023\/01\/logo-temp-castions-200x185.jpg\" class=\"attachment-portfolio_small size-portfolio_small wp-post-image\" alt=\"\" decoding=\"async\" \/><\/a><div class='grid-content'><div class='avia-arrow'><\/div><header class=\"entry-content-header\"><h3 class='grid-entry-title entry-title'  itemprop=\"headline\" ><a href='https:\/\/www.montasio.com\/fr\/socio\/latteria-soc-di-castions-di-strada\/' title='LATTERIA SOC. DI CASTIONS DI STRADA S.C.A.'>LATTERIA SOC. DI CASTIONS DI STRADA S.C.A.<\/a><\/h3><\/header><\/div><footer class=\"entry-footer\"><\/footer><\/article><\/div><div data-ajax-id='1855' class=' grid-entry flex_column isotope-item all_sort no_margin post-entry post-entry-1855 grid-entry-overview grid-loop-35 grid-parity-odd  produttori-fr_sort udine-fr_sort  av_one_fourth  default_av_fullwidth '><article class='main_color inner-entry'  itemscope=\"itemscope\" itemtype=\"https:\/\/schema.org\/CreativeWork\" ><a href='https:\/\/www.montasio.com\/fr\/socio\/coop-agricoltori-val-canale-sca\/' title='COOP. AGRICOLTORI VAL CANALE S.C.A.'  data-rel='grid-1' class='grid-image avia-hover-fx'><img width=\"260\" height=\"185\" src=\"https:\/\/www.montasio.com\/wp-content\/uploads\/2023\/01\/005ud-logo-coop-agr-val-canale-icona-260x185.jpg\" class=\"attachment-portfolio_small size-portfolio_small wp-post-image\" alt=\"\" decoding=\"async\" \/><\/a><div class='grid-content'><div class='avia-arrow'><\/div><header class=\"entry-content-header\"><h3 class='grid-entry-title entry-title'  itemprop=\"headline\" ><a href='https:\/\/www.montasio.com\/fr\/socio\/coop-agricoltori-val-canale-sca\/' title='COOP. AGRICOLTORI VAL CANALE S.C.A.'>COOP. AGRICOLTORI VAL CANALE S.C.A.<\/a><\/h3><\/header><div class='grid-entry-excerpt entry-content'  itemprop=\"text\" ><img src=\"https:\/\/dev.aipem.it\/montasio\/wp-content\/uploads\/2023\/05\/montagna.svg\" \/><\/div><\/div><footer class=\"entry-footer\"><\/footer><\/article><\/div><div data-ajax-id='1734' class=' grid-entry flex_column isotope-item all_sort no_margin post-entry post-entry-1734 grid-entry-overview grid-loop-36 grid-parity-even  produttori-fr_sort venezia-fr_sort  av_one_fourth  default_av_fullwidth '><article class='main_color inner-entry'  itemscope=\"itemscope\" itemtype=\"https:\/\/schema.org\/CreativeWork\" ><a href='https:\/\/www.montasio.com\/fr\/socio\/caseificio-cozzi-stefano\/' title='CASEIFICIO COZZI STEFANO'  data-rel='grid-1' class='grid-image avia-hover-fx'><\/a><div class='grid-content'><div class='avia-arrow'><\/div><header class=\"entry-content-header\"><h3 class='grid-entry-title entry-title'  itemprop=\"headline\" ><a href='https:\/\/www.montasio.com\/fr\/socio\/caseificio-cozzi-stefano\/' title='CASEIFICIO COZZI STEFANO'>CASEIFICIO COZZI STEFANO<\/a><\/h3><\/header><\/div><footer class=\"entry-footer\"><\/footer><\/article><\/div><div data-ajax-id='1754' class=' grid-entry flex_column isotope-item all_sort no_margin post-entry post-entry-1754 grid-entry-overview grid-loop-37 grid-parity-odd  post-entry-last  produttori-fr_sort treviso-fr_sort  av_one_fourth first default_av_fullwidth '><article class='main_color inner-entry'  itemscope=\"itemscope\" itemtype=\"https:\/\/schema.org\/CreativeWork\" ><a href='https:\/\/www.montasio.com\/fr\/socio\/fattoria-curto-az-agr\/' title='FATTORIA CURTO az. Agr.'  data-rel='grid-1' class='grid-image avia-hover-fx'><\/a><div class='grid-content'><div class='avia-arrow'><\/div><header class=\"entry-content-header\"><h3 class='grid-entry-title entry-title'  itemprop=\"headline\" ><a href='https:\/\/www.montasio.com\/fr\/socio\/fattoria-curto-az-agr\/' title='FATTORIA CURTO az. Agr.'>FATTORIA CURTO az. Agr.<\/a><\/h3><\/header><\/div><footer class=\"entry-footer\"><\/footer><\/article><\/div><\/div>\n<\/div><\/div><\/div><div data-av-tab-section-content=\"2\" class=\"av-layout-tab av-animation-delay-container    \" style='vertical-align:top; '  data-tab-section-id=\"associs-saisonniers\"><div class='av-layout-tab-inner'><div class='container'><div class='sort_width_container  av-sort-yes' data-portfolio-id='2' ><div id='js_sort_items' ><div class='sort_by_cat hidden '><a href=\"#\" data-filter=\"all_sort\" class=\"all_sort_button active_sort\"><span class=\"inner_sort_button\"><span>Tout<\/span><small class=\"av-cat-count\"> 15 <\/small><\/span><\/a><\/div><\/div><\/div><div class=' grid-sort-container isotope   no_margin-container with-excerpt-container grid-total-odd grid-col-4 grid-links-' data-portfolio-id='2'><div data-ajax-id='1682' class=' grid-entry flex_column isotope-item all_sort no_margin post-entry post-entry-1682 grid-entry-overview grid-loop-1 grid-parity-odd  belluno-2-fr_sort stagionatori-fr_sort  av_one_fourth first default_av_fullwidth '><article class='main_color inner-entry'  itemscope=\"itemscope\" itemtype=\"https:\/\/schema.org\/CreativeWork\" ><a href='https:\/\/www.montasio.com\/fr\/socio\/de-bastiani-formaggi-snc\/' title='DE BASTIANI FORMAGGI SNC'  data-rel='grid-2' class='grid-image avia-hover-fx'><img width=\"240\" height=\"185\" src=\"https:\/\/www.montasio.com\/wp-content\/uploads\/2023\/11\/s002bl-casearia-bar-bianco-de-bastiani-240x185.jpg\" class=\"attachment-portfolio_small size-portfolio_small wp-post-image\" alt=\"\" decoding=\"async\" \/><\/a><div class='grid-content'><div class='avia-arrow'><\/div><header class=\"entry-content-header\"><h3 class='grid-entry-title entry-title'  itemprop=\"headline\" ><a href='https:\/\/www.montasio.com\/fr\/socio\/de-bastiani-formaggi-snc\/' title='DE BASTIANI FORMAGGI SNC'>DE BASTIANI FORMAGGI SNC<\/a><\/h3><\/header><\/div><footer class=\"entry-footer\"><\/footer><\/article><\/div><div data-ajax-id='1690' class=' grid-entry flex_column isotope-item all_sort no_margin post-entry post-entry-1690 grid-entry-overview grid-loop-2 grid-parity-even  stagionatori-fr_sort treviso-2-fr_sort  av_one_fourth  default_av_fullwidth '><article class='main_color inner-entry'  itemscope=\"itemscope\" itemtype=\"https:\/\/schema.org\/CreativeWork\" ><a href='https:\/\/www.montasio.com\/fr\/socio\/battistella-luigi-c-snc\/' title='BATTISTELLA LUIGI &amp; C. SNC'  data-rel='grid-2' class='grid-image avia-hover-fx'><img width=\"195\" height=\"185\" src=\"https:\/\/www.montasio.com\/wp-content\/uploads\/2023\/11\/s011tv-logo-Battistella-sapori-del-piave-195x185.jpg\" class=\"attachment-portfolio_small size-portfolio_small wp-post-image\" alt=\"\" decoding=\"async\" \/><\/a><div class='grid-content'><div class='avia-arrow'><\/div><header class=\"entry-content-header\"><h3 class='grid-entry-title entry-title'  itemprop=\"headline\" ><a href='https:\/\/www.montasio.com\/fr\/socio\/battistella-luigi-c-snc\/' title='BATTISTELLA LUIGI &amp; C. SNC'>BATTISTELLA LUIGI & C. SNC<\/a><\/h3><\/header><\/div><footer class=\"entry-footer\"><\/footer><\/article><\/div><div data-ajax-id='1697' class=' grid-entry flex_column isotope-item all_sort no_margin post-entry post-entry-1697 grid-entry-overview grid-loop-3 grid-parity-odd  stagionatori-fr_sort treviso-2-fr_sort  av_one_fourth  default_av_fullwidth '><article class='main_color inner-entry'  itemscope=\"itemscope\" itemtype=\"https:\/\/schema.org\/CreativeWork\" ><a href='https:\/\/www.montasio.com\/fr\/socio\/battistella-formaggi-sas\/' title='BATTISTELLA FORMAGGI SAS'  data-rel='grid-2' class='grid-image avia-hover-fx'><img width=\"260\" height=\"185\" src=\"https:\/\/www.montasio.com\/wp-content\/uploads\/2023\/11\/s006tv-battistella-formaggi-260x185.jpg\" class=\"attachment-portfolio_small size-portfolio_small wp-post-image\" alt=\"\" decoding=\"async\" \/><\/a><div class='grid-content'><div class='avia-arrow'><\/div><header class=\"entry-content-header\"><h3 class='grid-entry-title entry-title'  itemprop=\"headline\" ><a href='https:\/\/www.montasio.com\/fr\/socio\/battistella-formaggi-sas\/' title='BATTISTELLA FORMAGGI SAS'>BATTISTELLA FORMAGGI SAS<\/a><\/h3><\/header><\/div><footer class=\"entry-footer\"><\/footer><\/article><\/div><div data-ajax-id='1701' class=' grid-entry flex_column isotope-item all_sort no_margin post-entry post-entry-1701 grid-entry-overview grid-loop-4 grid-parity-even  stagionatori-fr_sort treviso-2-fr_sort  av_one_fourth  default_av_fullwidth '><article class='main_color inner-entry'  itemscope=\"itemscope\" itemtype=\"https:\/\/schema.org\/CreativeWork\" ><a href='https:\/\/www.montasio.com\/fr\/socio\/latteria-biz-e-figli-srl\/' title='LATTERIA BIZ E FIGLI SRL'  data-rel='grid-2' class='grid-image avia-hover-fx'><img width=\"260\" height=\"185\" src=\"https:\/\/www.montasio.com\/wp-content\/uploads\/2018\/06\/latteria-biz-260x185.png\" class=\"attachment-portfolio_small size-portfolio_small wp-post-image\" alt=\"\" decoding=\"async\" srcset=\"https:\/\/www.montasio.com\/wp-content\/uploads\/2018\/06\/latteria-biz-260x185.png 260w, https:\/\/www.montasio.com\/wp-content\/uploads\/2018\/06\/latteria-biz-528x375.png 528w\" sizes=\"(max-width: 260px) 100vw, 260px\" \/><\/a><div class='grid-content'><div class='avia-arrow'><\/div><header class=\"entry-content-header\"><h3 class='grid-entry-title entry-title'  itemprop=\"headline\" ><a href='https:\/\/www.montasio.com\/fr\/socio\/latteria-biz-e-figli-srl\/' title='LATTERIA BIZ E FIGLI SRL'>LATTERIA BIZ E FIGLI SRL<\/a><\/h3><\/header><\/div><footer class=\"entry-footer\"><\/footer><\/article><\/div><div data-ajax-id='1709' class=' grid-entry flex_column isotope-item all_sort no_margin post-entry post-entry-1709 grid-entry-overview grid-loop-5 grid-parity-odd  stagionatori-fr_sort treviso-2-fr_sort  av_one_fourth first default_av_fullwidth '><article class='main_color inner-entry'  itemscope=\"itemscope\" itemtype=\"https:\/\/schema.org\/CreativeWork\" ><a href='https:\/\/www.montasio.com\/fr\/socio\/toniolo-casearia-s-p-a-2\/' title='TONIOLO CASEARIA S.P.A.'  data-rel='grid-2' class='grid-image avia-hover-fx'><img width=\"260\" height=\"185\" src=\"https:\/\/www.montasio.com\/wp-content\/uploads\/2019\/11\/cropped-LOGO-SOCIAL-UNO-260x185.jpg\" class=\"attachment-portfolio_small size-portfolio_small wp-post-image\" alt=\"\" decoding=\"async\" \/><\/a><div class='grid-content'><div class='avia-arrow'><\/div><header class=\"entry-content-header\"><h3 class='grid-entry-title entry-title'  itemprop=\"headline\" ><a href='https:\/\/www.montasio.com\/fr\/socio\/toniolo-casearia-s-p-a-2\/' title='TONIOLO CASEARIA S.P.A.'>TONIOLO CASEARIA S.P.A.<\/a><\/h3><\/header><\/div><footer class=\"entry-footer\"><\/footer><\/article><\/div><div data-ajax-id='1704' class=' grid-entry flex_column isotope-item all_sort no_margin post-entry post-entry-1704 grid-entry-overview grid-loop-6 grid-parity-even  stagionatori-fr_sort treviso-2-fr_sort  av_one_fourth  default_av_fullwidth '><article class='main_color inner-entry'  itemscope=\"itemscope\" itemtype=\"https:\/\/schema.org\/CreativeWork\" ><a href='https:\/\/www.montasio.com\/fr\/socio\/garbelotto-formaggi-srl\/' title='GARBELOTTO  FORMAGGI SRL'  data-rel='grid-2' class='grid-image avia-hover-fx'><img width=\"260\" height=\"185\" src=\"https:\/\/www.montasio.com\/wp-content\/uploads\/2023\/10\/s04tv-logo-garbelotto-260x185.jpg\" class=\"attachment-portfolio_small size-portfolio_small wp-post-image\" alt=\"\" decoding=\"async\" \/><\/a><div class='grid-content'><div class='avia-arrow'><\/div><header class=\"entry-content-header\"><h3 class='grid-entry-title entry-title'  itemprop=\"headline\" ><a href='https:\/\/www.montasio.com\/fr\/socio\/garbelotto-formaggi-srl\/' title='GARBELOTTO  FORMAGGI SRL'>GARBELOTTO  FORMAGGI SRL<\/a><\/h3><\/header><\/div><footer class=\"entry-footer\"><\/footer><\/article><\/div><div data-ajax-id='1705' class=' grid-entry flex_column isotope-item all_sort no_margin post-entry post-entry-1705 grid-entry-overview grid-loop-7 grid-parity-odd  stagionatori-fr_sort treviso-2-fr_sort  av_one_fourth  default_av_fullwidth '><article class='main_color inner-entry'  itemscope=\"itemscope\" itemtype=\"https:\/\/schema.org\/CreativeWork\" ><a href='https:\/\/www.montasio.com\/fr\/socio\/signor-giorgio-c-s-r-l\/' title='SIGNOR GIORGIO &amp; C.  S.R.L.'  data-rel='grid-2' class='grid-image avia-hover-fx'><img width=\"260\" height=\"185\" src=\"https:\/\/www.montasio.com\/wp-content\/uploads\/2023\/12\/s002tv-Logo-GiorgioSignor-260x185.jpg\" class=\"attachment-portfolio_small size-portfolio_small wp-post-image\" alt=\"\" decoding=\"async\" \/><\/a><div class='grid-content'><div class='avia-arrow'><\/div><header class=\"entry-content-header\"><h3 class='grid-entry-title entry-title'  itemprop=\"headline\" ><a href='https:\/\/www.montasio.com\/fr\/socio\/signor-giorgio-c-s-r-l\/' title='SIGNOR GIORGIO &amp; C.  S.R.L.'>SIGNOR GIORGIO & C.  S.R.L.<\/a><\/h3><\/header><\/div><footer class=\"entry-footer\"><\/footer><\/article><\/div><div data-ajax-id='1712' class=' grid-entry flex_column isotope-item all_sort no_margin post-entry post-entry-1712 grid-entry-overview grid-loop-8 grid-parity-even  pordenone-2-fr_sort stagionatori-fr_sort  av_one_fourth  default_av_fullwidth '><article class='main_color inner-entry'  itemscope=\"itemscope\" itemtype=\"https:\/\/schema.org\/CreativeWork\" ><a href='https:\/\/www.montasio.com\/fr\/socio\/co-me-ta-sca\/' title='CO.ME.TA. SCA'  data-rel='grid-2' class='grid-image avia-hover-fx'><img width=\"170\" height=\"170\" src=\"https:\/\/www.montasio.com\/wp-content\/uploads\/2023\/10\/s004pn-logo-cometa.jpg\" class=\"attachment-portfolio_small size-portfolio_small wp-post-image\" alt=\"\" decoding=\"async\" srcset=\"https:\/\/www.montasio.com\/wp-content\/uploads\/2023\/10\/s004pn-logo-cometa.jpg 170w, https:\/\/www.montasio.com\/wp-content\/uploads\/2023\/10\/s004pn-logo-cometa-80x80.jpg 80w, https:\/\/www.montasio.com\/wp-content\/uploads\/2023\/10\/s004pn-logo-cometa-36x36.jpg 36w, https:\/\/www.montasio.com\/wp-content\/uploads\/2023\/10\/s004pn-logo-cometa-120x120.jpg 120w\" sizes=\"(max-width: 170px) 100vw, 170px\" \/><\/a><div class='grid-content'><div class='avia-arrow'><\/div><header class=\"entry-content-header\"><h3 class='grid-entry-title entry-title'  itemprop=\"headline\" ><a href='https:\/\/www.montasio.com\/fr\/socio\/co-me-ta-sca\/' title='CO.ME.TA. SCA'>CO.ME.TA. SCA<\/a><\/h3><\/header><\/div><footer class=\"entry-footer\"><\/footer><\/article><\/div><div data-ajax-id='1727' class=' grid-entry flex_column isotope-item all_sort no_margin post-entry post-entry-1727 grid-entry-overview grid-loop-9 grid-parity-odd  stagionatori-fr_sort udine-2-fr_sort  av_one_fourth first default_av_fullwidth '><article class='main_color inner-entry'  itemscope=\"itemscope\" itemtype=\"https:\/\/schema.org\/CreativeWork\" ><a href='https:\/\/www.montasio.com\/fr\/socio\/pezzetta-s-r-l\/' title='PEZZETTA S.R.L.'  data-rel='grid-2' class='grid-image avia-hover-fx'><img width=\"260\" height=\"185\" src=\"https:\/\/www.montasio.com\/wp-content\/uploads\/2023\/10\/s003ud-LOGO-PEZZETTA-260x185.jpg\" class=\"attachment-portfolio_small size-portfolio_small wp-post-image\" alt=\"\" decoding=\"async\" \/><\/a><div class='grid-content'><div class='avia-arrow'><\/div><header class=\"entry-content-header\"><h3 class='grid-entry-title entry-title'  itemprop=\"headline\" ><a href='https:\/\/www.montasio.com\/fr\/socio\/pezzetta-s-r-l\/' title='PEZZETTA S.R.L.'>PEZZETTA S.R.L.<\/a><\/h3><\/header><\/div><footer class=\"entry-footer\"><\/footer><\/article><\/div><div data-ajax-id='1716' class=' grid-entry flex_column isotope-item all_sort no_margin post-entry post-entry-1716 grid-entry-overview grid-loop-10 grid-parity-even  pordenone-2-fr_sort stagionatori-fr_sort  av_one_fourth  default_av_fullwidth '><article class='main_color inner-entry'  itemscope=\"itemscope\" itemtype=\"https:\/\/schema.org\/CreativeWork\" ><a href='https:\/\/www.montasio.com\/fr\/socio\/casearia-del-ben-srl\/' title='CASEARIA DEL BEN SRL'  data-rel='grid-2' class='grid-image avia-hover-fx'><img width=\"260\" height=\"185\" src=\"https:\/\/www.montasio.com\/wp-content\/uploads\/2023\/10\/s02pn-logo-del-ben-260x185.jpg\" class=\"attachment-portfolio_small size-portfolio_small wp-post-image\" alt=\"\" decoding=\"async\" \/><\/a><div class='grid-content'><div class='avia-arrow'><\/div><header class=\"entry-content-header\"><h3 class='grid-entry-title entry-title'  itemprop=\"headline\" ><a href='https:\/\/www.montasio.com\/fr\/socio\/casearia-del-ben-srl\/' title='CASEARIA DEL BEN SRL'>CASEARIA DEL BEN SRL<\/a><\/h3><\/header><\/div><footer class=\"entry-footer\"><\/footer><\/article><\/div><div data-ajax-id='1719' class=' grid-entry flex_column isotope-item all_sort no_margin post-entry post-entry-1719 grid-entry-overview grid-loop-11 grid-parity-odd  pordenone-2-fr_sort stagionatori-fr_sort  av_one_fourth  default_av_fullwidth '><article class='main_color inner-entry'  itemscope=\"itemscope\" itemtype=\"https:\/\/schema.org\/CreativeWork\" ><a href='https:\/\/www.montasio.com\/fr\/socio\/tosoni-renato-srl\/' title='TOSONI RENATO SRL'  data-rel='grid-2' class='grid-image avia-hover-fx'><img width=\"228\" height=\"185\" src=\"https:\/\/www.montasio.com\/wp-content\/uploads\/2023\/10\/s001pn-logo-tosoni-228x185.jpg\" class=\"attachment-portfolio_small size-portfolio_small wp-post-image\" alt=\"\" decoding=\"async\" \/><\/a><div class='grid-content'><div class='avia-arrow'><\/div><header class=\"entry-content-header\"><h3 class='grid-entry-title entry-title'  itemprop=\"headline\" ><a href='https:\/\/www.montasio.com\/fr\/socio\/tosoni-renato-srl\/' title='TOSONI RENATO SRL'>TOSONI RENATO SRL<\/a><\/h3><\/header><\/div><footer class=\"entry-footer\"><\/footer><\/article><\/div><div data-ajax-id='1724' class=' grid-entry flex_column isotope-item all_sort no_margin post-entry post-entry-1724 grid-entry-overview grid-loop-12 grid-parity-even  stagionatori-fr_sort udine-2-fr_sort  av_one_fourth  default_av_fullwidth '><article class='main_color inner-entry'  itemscope=\"itemscope\" itemtype=\"https:\/\/schema.org\/CreativeWork\" ><a href='https:\/\/www.montasio.com\/fr\/socio\/cepparo-s-p-a\/' title='CEPPARO  S.P.A.'  data-rel='grid-2' class='grid-image avia-hover-fx'><img width=\"260\" height=\"185\" src=\"https:\/\/www.montasio.com\/wp-content\/uploads\/2023\/09\/s004ud-cepparo-caseificio-260x185.jpg\" class=\"attachment-portfolio_small size-portfolio_small wp-post-image\" alt=\"\" decoding=\"async\" \/><\/a><div class='grid-content'><div class='avia-arrow'><\/div><header class=\"entry-content-header\"><h3 class='grid-entry-title entry-title'  itemprop=\"headline\" ><a href='https:\/\/www.montasio.com\/fr\/socio\/cepparo-s-p-a\/' title='CEPPARO  S.P.A.'>CEPPARO  S.P.A.<\/a><\/h3><\/header><\/div><footer class=\"entry-footer\"><\/footer><\/article><\/div><div data-ajax-id='1731' class=' grid-entry flex_column isotope-item all_sort no_margin post-entry post-entry-1731 grid-entry-overview grid-loop-13 grid-parity-odd  stagionatori-fr_sort udine-2-fr_sort  av_one_fourth first default_av_fullwidth '><article class='main_color inner-entry'  itemscope=\"itemscope\" itemtype=\"https:\/\/schema.org\/CreativeWork\" ><a href='https:\/\/www.montasio.com\/fr\/socio\/cons-produttori-formaggio-montasio\/' title='CONS. PRODUTTORI FORMAGGIO MONTASIO'  data-rel='grid-2' class='grid-image avia-hover-fx'><img width=\"260\" height=\"185\" src=\"https:\/\/www.montasio.com\/wp-content\/uploads\/2023\/09\/s001ud-logo-cons-prod-form-montasio-260x185.jpg\" class=\"attachment-portfolio_small size-portfolio_small wp-post-image\" alt=\"\" decoding=\"async\" \/><\/a><div class='grid-content'><div class='avia-arrow'><\/div><header class=\"entry-content-header\"><h3 class='grid-entry-title entry-title'  itemprop=\"headline\" ><a href='https:\/\/www.montasio.com\/fr\/socio\/cons-produttori-formaggio-montasio\/' title='CONS. PRODUTTORI FORMAGGIO MONTASIO'>CONS. PRODUTTORI FORMAGGIO MONTASIO<\/a><\/h3><\/header><\/div><footer class=\"entry-footer\"><\/footer><\/article><\/div><div data-ajax-id='1679' class=' grid-entry flex_column isotope-item all_sort no_margin post-entry post-entry-1679 grid-entry-overview grid-loop-14 grid-parity-even  stagionatori-fr_sort treviso-2-fr_sort  av_one_fourth  default_av_fullwidth '><article class='main_color inner-entry'  itemscope=\"itemscope\" itemtype=\"https:\/\/schema.org\/CreativeWork\" ><a href='https:\/\/www.montasio.com\/fr\/socio\/a-pro-la-v-ass-reg-produttori-latte-veneto\/' title='A.PRO.LA.V. \u2013 Ass. Reg. Produttori Latte Veneto'  data-rel='grid-2' class='grid-image avia-hover-fx'><img width=\"240\" height=\"185\" src=\"https:\/\/www.montasio.com\/wp-content\/uploads\/2023\/07\/a001tv-logo-latte-aprolav-villorba-240x185.jpg\" class=\"attachment-portfolio_small size-portfolio_small wp-post-image\" alt=\"\" decoding=\"async\" \/><\/a><div class='grid-content'><div class='avia-arrow'><\/div><header class=\"entry-content-header\"><h3 class='grid-entry-title entry-title'  itemprop=\"headline\" ><a href='https:\/\/www.montasio.com\/fr\/socio\/a-pro-la-v-ass-reg-produttori-latte-veneto\/' title='A.PRO.LA.V. \u2013 Ass. Reg. Produttori Latte Veneto'>A.PRO.LA.V. \u2013 Ass. Reg. Produttori Latte Veneto<\/a><\/h3><\/header><\/div><footer class=\"entry-footer\"><\/footer><\/article><\/div><div data-ajax-id='1686' class=' grid-entry flex_column isotope-item all_sort no_margin post-entry post-entry-1686 grid-entry-overview grid-loop-15 grid-parity-odd  post-entry-last  stagionatori-fr_sort treviso-2-fr_sort  av_one_fourth  default_av_fullwidth '><article class='main_color inner-entry'  itemscope=\"itemscope\" itemtype=\"https:\/\/schema.org\/CreativeWork\" ><a href='https:\/\/www.montasio.com\/fr\/socio\/centro-veneto-formaggi-srl-2\/' title='CENTRO VENETO FORMAGGI SRL'  data-rel='grid-2' class='grid-image avia-hover-fx'><\/a><div class='grid-content'><div class='avia-arrow'><\/div><header class=\"entry-content-header\"><h3 class='grid-entry-title entry-title'  itemprop=\"headline\" ><a href='https:\/\/www.montasio.com\/fr\/socio\/centro-veneto-formaggi-srl-2\/' title='CENTRO VENETO FORMAGGI SRL'>CENTRO VENETO FORMAGGI SRL<\/a><\/h3><\/header><\/div><footer class=\"entry-footer\"><\/footer><\/article><\/div><\/div>\n<\/div><\/div><\/div>\n<\/div><\/div><\/div><\/p>\n<div class=\"flex_column av_one_full  flex_column_div av-zero-column-padding first  \" style='border-radius:0px; '><\/div>\n","protected":false},"excerpt":{"rendered":"","protected":false},"author":6,"featured_media":0,"parent":0,"menu_order":0,"comment_status":"open","ping_status":"closed","template":"elementor_header_footer","meta":{"footnotes":""},"acf":[],"_links":{"self":[{"href":"https:\/\/www.montasio.com\/fr\/wp-json\/wp\/v2\/pages\/1506"}],"collection":[{"href":"https:\/\/www.montasio.com\/fr\/wp-json\/wp\/v2\/pages"}],"about":[{"href":"https:\/\/www.montasio.com\/fr\/wp-json\/wp\/v2\/types\/page"}],"author":[{"embeddable":true,"href":"https:\/\/www.montasio.com\/fr\/wp-json\/wp\/v2\/users\/6"}],"replies":[{"embeddable":true,"href":"https:\/\/www.montasio.com\/fr\/wp-json\/wp\/v2\/comments?post=1506"}],"version-history":[{"count":0,"href":"https:\/\/www.montasio.com\/fr\/wp-json\/wp\/v2\/pages\/1506\/revisions"}],"wp:attachment":[{"href":"https:\/\/www.montasio.com\/fr\/wp-json\/wp\/v2\/media?parent=1506"}],"curies":[{"name":"wp","href":"https:\/\/api.w.org\/{rel}","templated":true}]}}